{"id":529,"date":"2016-02-07T20:59:21","date_gmt":"2016-02-07T20:59:21","guid":{"rendered":"http:\/\/josequintanilla.com\/?page_id=529"},"modified":"2026-03-15T08:14:08","modified_gmt":"2026-03-15T08:14:08","slug":"529-2","status":"publish","type":"page","link":"https:\/\/josequintanilla.com\/?page_id=529","title":{"rendered":"Exposiciones"},"content":{"rendered":"<p><a name=\"arriba\"><\/a><br \/>\n<em><strong>Haga clic sobre el enlace \u00abver\u00bb para ir a la exposici\u00f3n que desee.<\/strong><\/em><\/p>\n<p><a href=\"#22\">Ver<\/a> 2026 <strong>\u00abXIII Premio Bienal Internacional de Fotograf\u00eda Contempor\u00e1nea Pilar Citoler\u00bb<\/strong>, Universidad de C\u00f3rdoba<br \/>\n<a href=\"#21\">Ver<\/a> 2025 <strong>\u00abMapa del Abandono\u00bb<\/strong>, Monasterio de Rioseco, Burgos<br \/>\n<a href=\"#20\">Ver<\/a> 2025 <strong>\u00abPremio de Fotograf\u00eda Fundaci\u00f3n ENAIRE\u00bb<\/strong>, Naves de Gamazo, Santander<br \/>\n<a href=\"#19\">Ver<\/a> 2024 <strong>\u00abMirar un paisaje, seis visiones contempor\u00e1neas\u00bb<\/strong>, Fundaci\u00f3n Unicaja, C\u00e1diz<br \/>\n<a href=\"#18\">Ver<\/a> 2022\u00a0<strong>\u00abLas\u00a0edades de la imagen\u00bb\u00a0Hors Pistes<\/strong>, Centre Pompidou, M\u00e1laga<br \/>\n<a href=\"#17\">Ver<\/a> 2021 <strong>\u00abMemorabilia\u00bb Festival\u00a0<\/strong><span style=\"font-weight: 600;\">PHotoEspa\u00f1a<\/span>, Centro de Arte Faro de Cabo Mayor, Santander<br \/>\n<a href=\"#16\">Ver<\/a> 2021 <strong>\u00abPremio Fundaci\u00f3n ENAIRE\u00bb<\/strong>, Jard\u00edn Bot\u00e1nico, Madrid<br \/>\n<a href=\"#15b\">Ver<\/a> 2020\u00a0<strong>\u00abHerbarios imaginados\u00bb<\/strong>, Centro de Arte Complutense, Madrid<br \/>\n<a href=\"#15\">Ver<\/a> 2019 <strong>\u00abEl tiempo contemplado\u00bb<\/strong>, Galer\u00eda La Aurora, Murcia<br \/>\n<a href=\"#14\">Ver<\/a> 2019 <strong>\u00abPremio Fundaci\u00f3n ENAIRE\u00bb<\/strong>, Jard\u00edn Bot\u00e1nico, Madrid<br \/>\n<a href=\"#13\">Ver<\/a> 2018 <strong>\u00abEntre ra\u00edces y ausencias\u00bb<\/strong>, Fundaci\u00f3n Ram\u00f3n J. Sender (UNED), Barbastro (Huesca)<br \/>\n<a href=\"#12\">Ver<\/a> 2017 <strong>\u00abMundo Raro\u00bb<\/strong>, Galer\u00eda B&amp;B Arte Contempor\u00e1neo, Madrid<br \/>\n<a href=\"#primero\">Ver<\/a> 2017 <strong>\u00abTranscurso\u00bb<\/strong>, Galer\u00eda Bea Villamarin, Gij\u00f3n (Asturias)<br \/>\n<a href=\"#segundo\">Ver<\/a> 2017 <strong>\u00abPremio Fundaci\u00f3n ENAIRE\u00bb<\/strong>, Instituto Cervantes, Madrid<br \/>\n<a href=\"#tercero\">Ver<\/a> 2017 <strong>\u00abEl rinc\u00f3n feliz\u00bb<\/strong>, Museo Barjola, Gij\u00f3n Asturias<br \/>\n<a href=\"#cuarto\">Ver<\/a> 2017 <strong>\u00abMi casa,mi \u00e1rbol\u00bb<\/strong>, Sala La Asunci\u00f3n, Diputaci\u00f3n de Albacete<br \/>\n<a href=\"#quinto\">Ver<\/a> 2016 <strong>\u00abMa maison, mon abre\u00bb<\/strong>, Colegio de Espa\u00f1a en Par\u00eds, Francia<br \/>\n<a href=\"#sexto\">Ver<\/a> 2016 <strong>\u00abMUNDO\u00bb<\/strong>, Centro Cultural La Vaguada, Madrid<br \/>\n<a href=\"#septimo\">Ver<\/a> 2015 <strong>\u00abMi casa, mi \u00e1rbol\u00bb<\/strong>, Galer\u00eda Bea Villamarin, Gij\u00f3n (Asturias)<br \/>\n<a href=\"#octavo\">Ver<\/a> 2015 <strong>\u00abEstampa\u00bb<\/strong>, Galer\u00eda Espacio Foto, Naves de Matadero, Madrid<br \/>\n<a href=\"#noveno\">Ver<\/a> 2015 <strong>\u00abMi casa, mi \u00e1rbol\u00bb<\/strong>, CEART, Fuenlabrada, Madrid<br \/>\n<a href=\"#decimo\">Ver<\/a> 2015 <strong>\u00abPaisajes Posibles\u00bb<\/strong>, Galeria Espacio Foto, Madrid<br \/>\n<a href=\"#undecimo\">Ver<\/a> 2014 <strong>\u00abMi casa, mi \u00e1rbol\u00bb<\/strong>, Centro Cultural Villa de Mostoles, Madrid<\/p>\n<p><a name=\"22\"><\/a><\/p>\n<h2 style=\"text-align: center;\"><strong>\u00abXIII Premio Bienal Internacional de Fotograf\u00eda Contempor\u00e1nea PILAR CITOLER\u00bb<br \/>\n<\/strong><strong>Centro UCO Cultura, C\u00f3rdoba<br \/>\n<\/strong><\/h2>\n<p style=\"text-align: center;\">Marzo de 2026<br \/>\nExposici\u00f3n colectiva de los 15 finalistas del premio comisariada por Cristina Coca. El acto de apertura reuni\u00f3 al ganador de esta edici\u00f3n, Jose Quintanilla, al rector de la Universidad de C\u00f3rdoba, Manuel Torralbo, al director General de Cultura de la instituci\u00f3n acad\u00e9mica, Fernando Lara, a la comisaria de la muestra, Cristina Coca, y al delegado de la Fundaci\u00f3n Cajasol en C\u00f3rdoba, Juan Manuel Carrasco. Varias de las artistas finalistas \u2014entre ellas Ana B. Amado, Estela de Castro, Carma Casul\u00e1, Gloria Oyarz\u00e1bal y Ver\u00f3nica Domingo\u2014 estuvieron tambi\u00e9n presentes en la inauguraci\u00f3n.<\/p>\n<p><a href=\"https:\/\/josequintanilla.com\/wp-content\/uploads\/2026\/03\/01_citoler.jpg\"><img loading=\"lazy\" decoding=\"async\" class=\"aligncenter wp-image-1415 size-large\" src=\"https:\/\/josequintanilla.com\/wp-content\/uploads\/2026\/03\/01_citoler-1024x719.jpg\" alt=\"\" width=\"1024\" height=\"719\" srcset=\"https:\/\/josequintanilla.com\/wp-content\/uploads\/2026\/03\/01_citoler-1024x719.jpg 1024w, https:\/\/josequintanilla.com\/wp-content\/uploads\/2026\/03\/01_citoler-300x210.jpg 300w, https:\/\/josequintanilla.com\/wp-content\/uploads\/2026\/03\/01_citoler-768x539.jpg 768w, https:\/\/josequintanilla.com\/wp-content\/uploads\/2026\/03\/01_citoler-1536x1078.jpg 1536w, https:\/\/josequintanilla.com\/wp-content\/uploads\/2026\/03\/01_citoler.jpg 2048w\" sizes=\"auto, (max-width: 1024px) 100vw, 1024px\" \/><\/a><\/p>\n<p><a href=\"https:\/\/josequintanilla.com\/wp-content\/uploads\/2026\/03\/02_citoler.jpg\"><img loading=\"lazy\" decoding=\"async\" class=\"aligncenter wp-image-1416 size-large\" src=\"https:\/\/josequintanilla.com\/wp-content\/uploads\/2026\/03\/02_citoler-1024x685.jpg\" alt=\"\" width=\"1024\" height=\"685\" srcset=\"https:\/\/josequintanilla.com\/wp-content\/uploads\/2026\/03\/02_citoler-1024x685.jpg 1024w, https:\/\/josequintanilla.com\/wp-content\/uploads\/2026\/03\/02_citoler-300x201.jpg 300w, https:\/\/josequintanilla.com\/wp-content\/uploads\/2026\/03\/02_citoler-768x513.jpg 768w, https:\/\/josequintanilla.com\/wp-content\/uploads\/2026\/03\/02_citoler-1536x1027.jpg 1536w, https:\/\/josequintanilla.com\/wp-content\/uploads\/2026\/03\/02_citoler.jpg 2048w\" sizes=\"auto, (max-width: 1024px) 100vw, 1024px\" \/><\/a><\/p>\n<h2><\/h2>\n<p>Volver <a href=\"#arriba\">arriba<\/a><\/p>\n<p><a name=\"21\"><\/a><\/p>\n<h2 style=\"text-align: center;\"><strong>\u00abMAPA DEL ABANDONO\u00bb<br \/>\n<\/strong><strong>Monasterio de Santa Maria de Rioseco<br \/>\n<\/strong><\/h2>\n<p style=\"text-align: center;\">Julio a septiembre 2025.<br \/>\nExposici\u00f3n individual comisariada por Esther L\u00f3pez Sobrado en el Monasterio de Rioseco, Valle de Manzanedo, Las Merindades, Burgos.<br \/>\n25 fotograf\u00edas que proponen un recorrido sobre diferentes tipolog\u00edas de ruinas, incluidas algunas tomas del propio monasterio.<\/p>\n<p><a href=\"https:\/\/josequintanilla.com\/wp-content\/uploads\/2025\/08\/rioseco_email.jpg\"><img loading=\"lazy\" decoding=\"async\" class=\"aligncenter wp-image-1350 size-large\" src=\"https:\/\/josequintanilla.com\/wp-content\/uploads\/2025\/08\/rioseco_email-1024x729.jpg\" alt=\"\" width=\"1024\" height=\"729\" srcset=\"https:\/\/josequintanilla.com\/wp-content\/uploads\/2025\/08\/rioseco_email-1024x729.jpg 1024w, https:\/\/josequintanilla.com\/wp-content\/uploads\/2025\/08\/rioseco_email-300x214.jpg 300w, https:\/\/josequintanilla.com\/wp-content\/uploads\/2025\/08\/rioseco_email-768x547.jpg 768w, https:\/\/josequintanilla.com\/wp-content\/uploads\/2025\/08\/rioseco_email-1536x1093.jpg 1536w, https:\/\/josequintanilla.com\/wp-content\/uploads\/2025\/08\/rioseco_email.jpg 1991w\" sizes=\"auto, (max-width: 1024px) 100vw, 1024px\" \/><\/a><a href=\"https:\/\/josequintanilla.com\/wp-content\/uploads\/2025\/08\/01_MapaDelAbandono_JoseQuintanilla.jpg\"><img loading=\"lazy\" decoding=\"async\" class=\"aligncenter wp-image-1346 size-large\" src=\"https:\/\/josequintanilla.com\/wp-content\/uploads\/2025\/08\/01_MapaDelAbandono_JoseQuintanilla-1024x852.jpg\" alt=\"\" width=\"1024\" height=\"852\" srcset=\"https:\/\/josequintanilla.com\/wp-content\/uploads\/2025\/08\/01_MapaDelAbandono_JoseQuintanilla-1024x852.jpg 1024w, https:\/\/josequintanilla.com\/wp-content\/uploads\/2025\/08\/01_MapaDelAbandono_JoseQuintanilla-300x250.jpg 300w, https:\/\/josequintanilla.com\/wp-content\/uploads\/2025\/08\/01_MapaDelAbandono_JoseQuintanilla-768x639.jpg 768w, https:\/\/josequintanilla.com\/wp-content\/uploads\/2025\/08\/01_MapaDelAbandono_JoseQuintanilla-1536x1279.jpg 1536w, https:\/\/josequintanilla.com\/wp-content\/uploads\/2025\/08\/01_MapaDelAbandono_JoseQuintanilla.jpg 1772w\" sizes=\"auto, (max-width: 1024px) 100vw, 1024px\" \/><\/a><\/p>\n<p><a href=\"https:\/\/josequintanilla.com\/wp-content\/uploads\/2025\/08\/03_MapaDelAbandono_JoseQuintanilla.jpg\"><img loading=\"lazy\" decoding=\"async\" class=\"aligncenter wp-image-1348 size-large\" src=\"https:\/\/josequintanilla.com\/wp-content\/uploads\/2025\/08\/03_MapaDelAbandono_JoseQuintanilla-1024x686.jpg\" alt=\"\" width=\"1024\" height=\"686\" srcset=\"https:\/\/josequintanilla.com\/wp-content\/uploads\/2025\/08\/03_MapaDelAbandono_JoseQuintanilla-1024x686.jpg 1024w, https:\/\/josequintanilla.com\/wp-content\/uploads\/2025\/08\/03_MapaDelAbandono_JoseQuintanilla-300x201.jpg 300w, https:\/\/josequintanilla.com\/wp-content\/uploads\/2025\/08\/03_MapaDelAbandono_JoseQuintanilla-768x514.jpg 768w, https:\/\/josequintanilla.com\/wp-content\/uploads\/2025\/08\/03_MapaDelAbandono_JoseQuintanilla-1536x1029.jpg 1536w, https:\/\/josequintanilla.com\/wp-content\/uploads\/2025\/08\/03_MapaDelAbandono_JoseQuintanilla.jpg 1772w\" sizes=\"auto, (max-width: 1024px) 100vw, 1024px\" \/><\/a><\/p>\n<p><a href=\"https:\/\/josequintanilla.com\/wp-content\/uploads\/2025\/08\/02_MapaDelAbandono_JoseQuintanilla.jpg\"><img loading=\"lazy\" decoding=\"async\" class=\"aligncenter wp-image-1347 size-large\" src=\"https:\/\/josequintanilla.com\/wp-content\/uploads\/2025\/08\/02_MapaDelAbandono_JoseQuintanilla-1024x752.jpg\" alt=\"\" width=\"1024\" height=\"752\" srcset=\"https:\/\/josequintanilla.com\/wp-content\/uploads\/2025\/08\/02_MapaDelAbandono_JoseQuintanilla-1024x752.jpg 1024w, https:\/\/josequintanilla.com\/wp-content\/uploads\/2025\/08\/02_MapaDelAbandono_JoseQuintanilla-300x220.jpg 300w, https:\/\/josequintanilla.com\/wp-content\/uploads\/2025\/08\/02_MapaDelAbandono_JoseQuintanilla-768x564.jpg 768w, https:\/\/josequintanilla.com\/wp-content\/uploads\/2025\/08\/02_MapaDelAbandono_JoseQuintanilla-1536x1129.jpg 1536w, https:\/\/josequintanilla.com\/wp-content\/uploads\/2025\/08\/02_MapaDelAbandono_JoseQuintanilla.jpg 1772w\" sizes=\"auto, (max-width: 1024px) 100vw, 1024px\" \/><\/a><\/p>\n<h2><\/h2>\n<p>Volver <a href=\"#arriba\">arriba<\/a><\/p>\n<p><a name=\"20\"><\/a><\/p>\n<h2 style=\"text-align: center;\"><strong>\u00abMenci\u00f3n especial PHotoEspa\u00f1a 2025\u00bb<br \/>\n<\/strong><strong>Premio de Fotograf\u00eda Fundaci\u00f3n ENAIRE<br \/>\n<\/strong><\/h2>\n<p style=\"text-align: center;\">Julio 2025 a enero 2026.<br \/>\nExposici\u00f3n colectiva con el resto de premiados y seleccionados en las Naves de Gamazo de Santander.<br \/>\nImagen seleccionada para la cubierta del folleto y la comunicaci\u00f3n en exterior.<\/p>\n<p><a href=\"https:\/\/josequintanilla.com\/wp-content\/uploads\/2025\/08\/02_enaire_25.jpg\"><img loading=\"lazy\" decoding=\"async\" class=\"aligncenter wp-image-1331 size-large\" src=\"https:\/\/josequintanilla.com\/wp-content\/uploads\/2025\/08\/02_enaire_25-1024x920.jpg\" alt=\"\" width=\"1024\" height=\"920\" srcset=\"https:\/\/josequintanilla.com\/wp-content\/uploads\/2025\/08\/02_enaire_25-1024x920.jpg 1024w, https:\/\/josequintanilla.com\/wp-content\/uploads\/2025\/08\/02_enaire_25-300x269.jpg 300w, https:\/\/josequintanilla.com\/wp-content\/uploads\/2025\/08\/02_enaire_25-768x690.jpg 768w, https:\/\/josequintanilla.com\/wp-content\/uploads\/2025\/08\/02_enaire_25-1536x1379.jpg 1536w, https:\/\/josequintanilla.com\/wp-content\/uploads\/2025\/08\/02_enaire_25.jpg 2048w\" sizes=\"auto, (max-width: 1024px) 100vw, 1024px\" \/><\/a><\/p>\n<p><a href=\"https:\/\/josequintanilla.com\/wp-content\/uploads\/2025\/08\/03_enaire_25.jpg\"><img loading=\"lazy\" decoding=\"async\" class=\"aligncenter wp-image-1332 size-large\" src=\"https:\/\/josequintanilla.com\/wp-content\/uploads\/2025\/08\/03_enaire_25-1024x920.jpg\" alt=\"\" width=\"1024\" height=\"920\" srcset=\"https:\/\/josequintanilla.com\/wp-content\/uploads\/2025\/08\/03_enaire_25-1024x920.jpg 1024w, https:\/\/josequintanilla.com\/wp-content\/uploads\/2025\/08\/03_enaire_25-300x269.jpg 300w, https:\/\/josequintanilla.com\/wp-content\/uploads\/2025\/08\/03_enaire_25-768x690.jpg 768w, https:\/\/josequintanilla.com\/wp-content\/uploads\/2025\/08\/03_enaire_25-1536x1379.jpg 1536w, https:\/\/josequintanilla.com\/wp-content\/uploads\/2025\/08\/03_enaire_25.jpg 2048w\" sizes=\"auto, (max-width: 1024px) 100vw, 1024px\" \/><\/a><\/p>\n<h2><\/h2>\n<p>Volver <a href=\"#arriba\">arriba<\/a><\/p>\n<p><a name=\"19\"><\/a><\/p>\n<h2 style=\"text-align: center;\"><strong>\u00abMirar un paisaje\u00bb<br \/>\n<\/strong><strong>Seis miradas contempor\u00e1neas<br \/>\nFundaci\u00f3n Unicaja de C\u00e1diz<br \/>\n<\/strong><\/h2>\n<p style=\"text-align: center;\">Octubre 2024. Exposici\u00f3n colectiva comisariado por <span style=\"font-size: revert;\">Isabel Elorrieta y Jos\u00e9 Mar\u00eda Luna para Espacio Arg\u00e9n<\/span>, junto a los artistas Marc \u00c1vila, Jos\u00e9 Guerrero, Eduardo Nave, Linarejos Moreno y Saleta Ros\u00f3n.<br \/>\nFotograf\u00edas de la serie El cuarto paisaje.<\/p>\n<p><a href=\"https:\/\/josequintanilla.com\/wp-content\/uploads\/2024\/12\/00_unicaja.jpg\"><img loading=\"lazy\" decoding=\"async\" class=\"aligncenter wp-image-1254 size-full\" src=\"https:\/\/josequintanilla.com\/wp-content\/uploads\/2024\/12\/00_unicaja.jpg\" alt=\"\" width=\"1024\" height=\"919\" srcset=\"https:\/\/josequintanilla.com\/wp-content\/uploads\/2024\/12\/00_unicaja.jpg 1024w, https:\/\/josequintanilla.com\/wp-content\/uploads\/2024\/12\/00_unicaja-300x269.jpg 300w, https:\/\/josequintanilla.com\/wp-content\/uploads\/2024\/12\/00_unicaja-768x689.jpg 768w\" sizes=\"auto, (max-width: 1024px) 100vw, 1024px\" \/><\/a><\/p>\n<p><a href=\"https:\/\/josequintanilla.com\/wp-content\/uploads\/2024\/12\/03_unicaja.jpg\"><img loading=\"lazy\" decoding=\"async\" class=\"aligncenter wp-image-1255 size-full\" src=\"https:\/\/josequintanilla.com\/wp-content\/uploads\/2024\/12\/03_unicaja.jpg\" alt=\"\" width=\"517\" height=\"919\" srcset=\"https:\/\/josequintanilla.com\/wp-content\/uploads\/2024\/12\/03_unicaja.jpg 517w, https:\/\/josequintanilla.com\/wp-content\/uploads\/2024\/12\/03_unicaja-169x300.jpg 169w\" sizes=\"auto, (max-width: 517px) 100vw, 517px\" \/><\/a><\/p>\n<h2><\/h2>\n<p>Volver <a href=\"#arriba\">arriba<\/a><\/p>\n<p><a name=\"18\"><\/a><\/p>\n<h2 style=\"text-align: center;\"><strong>\u00abLas edades de la imagen\u00bb<br \/>\n<\/strong><strong>Hors Pistes 6\u00aa edici\u00f3n<br \/>\nCentre Pompidou de M\u00e1laga<br \/>\n<\/strong><\/h2>\n<p style=\"text-align: center;\">Octubre 2022. Exposici\u00f3n colectiva comisariado por\u00a0<span style=\"font-size: revert;\">G\u00e9raldine Gomez y Jos\u00e9 Mar\u00eda Luna dentro del ciclo\u00a0<\/span>Hors Pistes en su sexta edici\u00f3n, junto a artistas franceses y espa\u00f1oles, donde se mostraron 4 fotograf\u00edas de la serie Memorabilia.<br \/>\n<a href=\"https:\/\/josequintanilla.com\/wp-content\/uploads\/2023\/01\/centre_pompidou_jose_quintanilla2-scaled.jpg\"><img loading=\"lazy\" decoding=\"async\" class=\"aligncenter wp-image-1102 size-large\" src=\"https:\/\/josequintanilla.com\/wp-content\/uploads\/2023\/01\/centre_pompidou_jose_quintanilla2-1024x919.jpg\" alt=\"\" width=\"1024\" height=\"919\" srcset=\"https:\/\/josequintanilla.com\/wp-content\/uploads\/2023\/01\/centre_pompidou_jose_quintanilla2-1024x919.jpg 1024w, https:\/\/josequintanilla.com\/wp-content\/uploads\/2023\/01\/centre_pompidou_jose_quintanilla2-300x269.jpg 300w, https:\/\/josequintanilla.com\/wp-content\/uploads\/2023\/01\/centre_pompidou_jose_quintanilla2-768x690.jpg 768w, https:\/\/josequintanilla.com\/wp-content\/uploads\/2023\/01\/centre_pompidou_jose_quintanilla2-1536x1379.jpg 1536w, https:\/\/josequintanilla.com\/wp-content\/uploads\/2023\/01\/centre_pompidou_jose_quintanilla2-2048x1839.jpg 2048w\" sizes=\"auto, (max-width: 1024px) 100vw, 1024px\" \/><\/a><br \/>\n<a href=\"https:\/\/josequintanilla.com\/wp-content\/uploads\/2023\/01\/centre_pompidou_jose_quintanilla3.jpg\"><img loading=\"lazy\" decoding=\"async\" class=\"aligncenter wp-image-1104 size-full\" src=\"https:\/\/josequintanilla.com\/wp-content\/uploads\/2023\/01\/centre_pompidou_jose_quintanilla3.jpg\" alt=\"\" width=\"850\" height=\"763\" srcset=\"https:\/\/josequintanilla.com\/wp-content\/uploads\/2023\/01\/centre_pompidou_jose_quintanilla3.jpg 850w, https:\/\/josequintanilla.com\/wp-content\/uploads\/2023\/01\/centre_pompidou_jose_quintanilla3-300x269.jpg 300w, https:\/\/josequintanilla.com\/wp-content\/uploads\/2023\/01\/centre_pompidou_jose_quintanilla3-768x689.jpg 768w\" sizes=\"auto, (max-width: 850px) 100vw, 850px\" \/><\/a><\/p>\n<h2><\/h2>\n<p>Volver <a href=\"#arriba\">arriba<\/a><\/p>\n<p><a name=\"17\"><\/a><\/p>\n<h2 style=\"text-align: center;\"><strong>\u00abMemorabilia, la memoria inventada\u00bb<br \/>\n<\/strong><strong>Festival Photo Espa\u00f1a 2021<br \/>\nCentro de Arte Faro de Cabo Mayor, Santander<br \/>\n<\/strong><\/h2>\n<p style=\"text-align: center;\">Septiembre y Octubre 2021. Exposici\u00f3n individual que presenta por primera vez este proyecto dentro de la programaci\u00f3n del Festival PHotoEspa\u00f1a en Santander.<br \/>\nFotos de la inauguraci\u00f3n de Luc\u00eda La\u00ednz, acompa\u00f1ado por Claude Bussac, directora de PHotoEspa\u00f1a, Beatriz Montero de Espinosa, directora de la Fundaci\u00f3n Enaire, Juan Riancho de la galer\u00eda Siboney, Eduardo, coordinador de la sala, Emilio Pemjean, equipo de PHotoEspa\u00f1a, familiares y amigos.<br \/>\n<a href=\"https:\/\/josequintanilla.com\/wp-content\/uploads\/2016\/02\/01_mundo_raro.jpg\"><br \/>\n<\/a><a href=\"https:\/\/josequintanilla.com\/wp-content\/uploads\/2021\/09\/2020-invitacion_Vertical_58.jpg\"><img loading=\"lazy\" decoding=\"async\" class=\"aligncenter wp-image-1023 size-full\" src=\"https:\/\/josequintanilla.com\/wp-content\/uploads\/2021\/09\/2020-invitacion_Vertical_58.jpg\" alt=\"\" width=\"850\" height=\"607\" srcset=\"https:\/\/josequintanilla.com\/wp-content\/uploads\/2021\/09\/2020-invitacion_Vertical_58.jpg 850w, https:\/\/josequintanilla.com\/wp-content\/uploads\/2021\/09\/2020-invitacion_Vertical_58-300x214.jpg 300w, https:\/\/josequintanilla.com\/wp-content\/uploads\/2021\/09\/2020-invitacion_Vertical_58-768x548.jpg 768w\" sizes=\"auto, (max-width: 850px) 100vw, 850px\" \/><\/a><a href=\"https:\/\/josequintanilla.com\/wp-content\/uploads\/2021\/09\/01_AAD1447-1.jpg\"><img loading=\"lazy\" decoding=\"async\" class=\"aligncenter wp-image-1024 size-full\" src=\"https:\/\/josequintanilla.com\/wp-content\/uploads\/2021\/09\/01_AAD1447-1.jpg\" alt=\"\" width=\"850\" height=\"567\" srcset=\"https:\/\/josequintanilla.com\/wp-content\/uploads\/2021\/09\/01_AAD1447-1.jpg 850w, https:\/\/josequintanilla.com\/wp-content\/uploads\/2021\/09\/01_AAD1447-1-300x200.jpg 300w, https:\/\/josequintanilla.com\/wp-content\/uploads\/2021\/09\/01_AAD1447-1-768x512.jpg 768w\" sizes=\"auto, (max-width: 850px) 100vw, 850px\" \/><\/a><a href=\"https:\/\/josequintanilla.com\/wp-content\/uploads\/2021\/09\/02_AAD1508.jpg\"><img loading=\"lazy\" decoding=\"async\" class=\"aligncenter wp-image-1018 size-full\" src=\"https:\/\/josequintanilla.com\/wp-content\/uploads\/2021\/09\/02_AAD1508.jpg\" alt=\"\" width=\"850\" height=\"567\" srcset=\"https:\/\/josequintanilla.com\/wp-content\/uploads\/2021\/09\/02_AAD1508.jpg 850w, https:\/\/josequintanilla.com\/wp-content\/uploads\/2021\/09\/02_AAD1508-300x200.jpg 300w, https:\/\/josequintanilla.com\/wp-content\/uploads\/2021\/09\/02_AAD1508-768x512.jpg 768w\" sizes=\"auto, (max-width: 850px) 100vw, 850px\" \/><\/a><a href=\"https:\/\/josequintanilla.com\/wp-content\/uploads\/2021\/09\/03_AAD1521.jpg\"><img loading=\"lazy\" decoding=\"async\" class=\"aligncenter wp-image-1019 size-full\" src=\"https:\/\/josequintanilla.com\/wp-content\/uploads\/2021\/09\/03_AAD1521.jpg\" alt=\"\" width=\"850\" height=\"567\" srcset=\"https:\/\/josequintanilla.com\/wp-content\/uploads\/2021\/09\/03_AAD1521.jpg 850w, https:\/\/josequintanilla.com\/wp-content\/uploads\/2021\/09\/03_AAD1521-300x200.jpg 300w, https:\/\/josequintanilla.com\/wp-content\/uploads\/2021\/09\/03_AAD1521-768x512.jpg 768w\" sizes=\"auto, (max-width: 850px) 100vw, 850px\" \/><\/a><a href=\"https:\/\/josequintanilla.com\/wp-content\/uploads\/2021\/09\/04_AAD1533.jpg\"><img loading=\"lazy\" decoding=\"async\" class=\"aligncenter wp-image-1020 size-full\" src=\"https:\/\/josequintanilla.com\/wp-content\/uploads\/2021\/09\/04_AAD1533.jpg\" alt=\"\" width=\"850\" height=\"567\" srcset=\"https:\/\/josequintanilla.com\/wp-content\/uploads\/2021\/09\/04_AAD1533.jpg 850w, https:\/\/josequintanilla.com\/wp-content\/uploads\/2021\/09\/04_AAD1533-300x200.jpg 300w, https:\/\/josequintanilla.com\/wp-content\/uploads\/2021\/09\/04_AAD1533-768x512.jpg 768w\" sizes=\"auto, (max-width: 850px) 100vw, 850px\" \/><\/a><a href=\"https:\/\/josequintanilla.com\/wp-content\/uploads\/2021\/09\/05_AAD1535.jpg\"><img loading=\"lazy\" decoding=\"async\" class=\"aligncenter wp-image-1021 size-full\" src=\"https:\/\/josequintanilla.com\/wp-content\/uploads\/2021\/09\/05_AAD1535.jpg\" alt=\"\" width=\"850\" height=\"567\" srcset=\"https:\/\/josequintanilla.com\/wp-content\/uploads\/2021\/09\/05_AAD1535.jpg 850w, https:\/\/josequintanilla.com\/wp-content\/uploads\/2021\/09\/05_AAD1535-300x200.jpg 300w, https:\/\/josequintanilla.com\/wp-content\/uploads\/2021\/09\/05_AAD1535-768x512.jpg 768w\" sizes=\"auto, (max-width: 850px) 100vw, 850px\" \/><\/a><a href=\"https:\/\/josequintanilla.com\/wp-content\/uploads\/2021\/09\/06_AAD1543.jpg\"><img loading=\"lazy\" decoding=\"async\" class=\"aligncenter wp-image-1022 size-full\" src=\"https:\/\/josequintanilla.com\/wp-content\/uploads\/2021\/09\/06_AAD1543.jpg\" alt=\"\" width=\"850\" height=\"567\" srcset=\"https:\/\/josequintanilla.com\/wp-content\/uploads\/2021\/09\/06_AAD1543.jpg 850w, https:\/\/josequintanilla.com\/wp-content\/uploads\/2021\/09\/06_AAD1543-300x200.jpg 300w, https:\/\/josequintanilla.com\/wp-content\/uploads\/2021\/09\/06_AAD1543-768x512.jpg 768w\" sizes=\"auto, (max-width: 850px) 100vw, 850px\" \/><\/a><\/p>\n<h2><\/h2>\n<p>Volver <a href=\"#arriba\">arriba<\/a><\/p>\n<p><a name=\"16\"><\/a><\/p>\n<h2 style=\"text-align: center;\"><strong>\u00abPremios Fundaci\u00f3n ENAIRE\u00bb<br \/>\n<\/strong><strong>Menci\u00f3n especialPhoto Espa\u00f1a 2021<br \/>\nJard\u00edn Bot\u00e1nico de Madrid<br \/>\n<\/strong><\/h2>\n<p style=\"text-align: center;\">Junio 2021. Menci\u00f3n especial Photo Espa\u00f1a en la XII edici\u00f3n de los premios nacionales de fotograf\u00eda Fundaci\u00f3n ENAIRE, exposici\u00f3n que inaugur\u00f3 el festival de fotograf\u00eda Photo Espa\u00f1a 2021, en la sala de exposiciones del Jard\u00edn Bot\u00e1nico de Madrid.<br \/>\n<a href=\"https:\/\/josequintanilla.com\/wp-content\/uploads\/2016\/02\/01_mundo_raro.jpg\"><br \/>\n<\/a><a href=\"https:\/\/josequintanilla.com\/wp-content\/uploads\/2016\/02\/enaire2021.jpg\"><img loading=\"lazy\" decoding=\"async\" class=\"aligncenter wp-image-987 size-full\" src=\"https:\/\/josequintanilla.com\/wp-content\/uploads\/2016\/02\/enaire2021.jpg\" alt=\"\" width=\"850\" height=\"763\" srcset=\"https:\/\/josequintanilla.com\/wp-content\/uploads\/2016\/02\/enaire2021.jpg 850w, https:\/\/josequintanilla.com\/wp-content\/uploads\/2016\/02\/enaire2021-300x269.jpg 300w, https:\/\/josequintanilla.com\/wp-content\/uploads\/2016\/02\/enaire2021-768x689.jpg 768w\" sizes=\"auto, (max-width: 850px) 100vw, 850px\" \/><\/a><\/p>\n<h2><\/h2>\n<p>Volver <a href=\"#arriba\">arriba<\/a><\/p>\n<p><a name=\"15b\"><\/a><\/p>\n<h2 style=\"text-align: center;\"><strong>\u00abHerbarios imaginados\u00bb<br \/>\n<\/strong><strong>Centro de Arte Complutense, Madrid<br \/>\n<\/strong><\/h2>\n<p style=\"text-align: center;\">Del 17 de enero al 31 de marzo de 2020.<br \/>\nExposici\u00f3n colectiva comisariada por Toya Legido y Luis Castelo donde tuve el placer de compartir sala con mis admirados Joan Fontcuberta, Javier Vallhonrat, Linarejos Moreno, Cristina Almodovar, Paula Anta, Carmen Van den Eynde y Juan Baraja entre otros incre\u00edbles artistas. Lamentablemente la exposici\u00f3n se tuvo que suspender en marzo por el inicio de la pandemia que nos trajo el COVID.<\/p>\n<p style=\"text-align: center;\"><a href=\"https:\/\/josequintanilla.com\/wp-content\/uploads\/2016\/02\/01_mundo_raro.jpg\"><br \/>\n<\/a><a href=\"https:\/\/josequintanilla.com\/wp-content\/uploads\/2021\/09\/herbarios_imaginados-1.jpg\"><img loading=\"lazy\" decoding=\"async\" class=\"aligncenter wp-image-1031 size-full\" src=\"https:\/\/josequintanilla.com\/wp-content\/uploads\/2021\/09\/herbarios_imaginados-1.jpg\" alt=\"\" width=\"850\" height=\"601\" srcset=\"https:\/\/josequintanilla.com\/wp-content\/uploads\/2021\/09\/herbarios_imaginados-1.jpg 850w, https:\/\/josequintanilla.com\/wp-content\/uploads\/2021\/09\/herbarios_imaginados-1-300x212.jpg 300w, https:\/\/josequintanilla.com\/wp-content\/uploads\/2021\/09\/herbarios_imaginados-1-768x543.jpg 768w\" sizes=\"auto, (max-width: 850px) 100vw, 850px\" \/><\/a><a href=\"https:\/\/josequintanilla.com\/wp-content\/uploads\/2021\/09\/IMG_8582.jpg\"><img loading=\"lazy\" decoding=\"async\" class=\"aligncenter wp-image-1030 size-full\" src=\"https:\/\/josequintanilla.com\/wp-content\/uploads\/2021\/09\/IMG_8582.jpg\" alt=\"\" width=\"850\" height=\"637\" srcset=\"https:\/\/josequintanilla.com\/wp-content\/uploads\/2021\/09\/IMG_8582.jpg 850w, https:\/\/josequintanilla.com\/wp-content\/uploads\/2021\/09\/IMG_8582-300x225.jpg 300w, https:\/\/josequintanilla.com\/wp-content\/uploads\/2021\/09\/IMG_8582-768x576.jpg 768w\" sizes=\"auto, (max-width: 850px) 100vw, 850px\" \/><\/a><\/p>\n<h2><\/h2>\n<p>Volver <a href=\"#arriba\">arriba<\/a><\/p>\n<p><a name=\"15\"><\/a><\/p>\n<h2 style=\"text-align: center;\"><strong>\u00abEl tiempo contemplado\u00bb<br \/>\n<\/strong><strong>Galer\u00eda La Aurora, Murcia<br \/>\n<\/strong><\/h2>\n<p style=\"text-align: center;\">Del 21 de septiembre al 25 de octubre de 2019.<br \/>\nExposici\u00f3n individual que presenta fotograf\u00edas pertenecientes a las series TRANSCURSO y AUSENCIAS.<a href=\"https:\/\/josequintanilla.com\/wp-content\/uploads\/2021\/09\/herbarios_imaginados.jpg\"><br \/>\n<\/a><a href=\"https:\/\/josequintanilla.com\/wp-content\/uploads\/2021\/09\/IMG_8582.jpg\"><img decoding=\"async\" class=\"aligncenter\" src=\"https:\/\/josequintanilla.com\/wp-content\/uploads\/2016\/02\/00_laaurora_2019.jpg\" \/><\/a><br \/>\n<img loading=\"lazy\" decoding=\"async\" class=\"aligncenter wp-image-893 size-full\" src=\"https:\/\/josequintanilla.com\/wp-content\/uploads\/2016\/02\/03_laaurora_2019.jpg\" sizes=\"auto, (max-width: 850px) 100vw, 850px\" srcset=\"https:\/\/josequintanilla.com\/wp-content\/uploads\/2016\/02\/03_laaurora_2019.jpg 850w, https:\/\/josequintanilla.com\/wp-content\/uploads\/2016\/02\/03_laaurora_2019-300x225.jpg 300w, https:\/\/josequintanilla.com\/wp-content\/uploads\/2016\/02\/03_laaurora_2019-768x576.jpg 768w\" alt=\"\" width=\"850\" height=\"638\" \/><br \/>\n<a href=\"https:\/\/josequintanilla.com\/wp-content\/uploads\/2016\/02\/02_laaurora_2019.jpg\"><img loading=\"lazy\" decoding=\"async\" class=\"aligncenter wp-image-894 size-full\" src=\"https:\/\/josequintanilla.com\/wp-content\/uploads\/2016\/02\/02_laaurora_2019.jpg\" alt=\"\" width=\"850\" height=\"638\" srcset=\"https:\/\/josequintanilla.com\/wp-content\/uploads\/2016\/02\/02_laaurora_2019.jpg 850w, https:\/\/josequintanilla.com\/wp-content\/uploads\/2016\/02\/02_laaurora_2019-300x225.jpg 300w, https:\/\/josequintanilla.com\/wp-content\/uploads\/2016\/02\/02_laaurora_2019-768x576.jpg 768w\" sizes=\"auto, (max-width: 850px) 100vw, 850px\" \/><\/a><a href=\"https:\/\/josequintanilla.com\/wp-content\/uploads\/2016\/02\/04_laaurora_2019.jpg\"><img loading=\"lazy\" decoding=\"async\" class=\"aligncenter wp-image-895 size-full\" src=\"https:\/\/josequintanilla.com\/wp-content\/uploads\/2016\/02\/04_laaurora_2019.jpg\" alt=\"\" width=\"850\" height=\"638\" srcset=\"https:\/\/josequintanilla.com\/wp-content\/uploads\/2016\/02\/04_laaurora_2019.jpg 850w, https:\/\/josequintanilla.com\/wp-content\/uploads\/2016\/02\/04_laaurora_2019-300x225.jpg 300w, https:\/\/josequintanilla.com\/wp-content\/uploads\/2016\/02\/04_laaurora_2019-768x576.jpg 768w\" sizes=\"auto, (max-width: 850px) 100vw, 850px\" \/><\/a><a href=\"https:\/\/josequintanilla.com\/wp-content\/uploads\/2016\/02\/05_laaurora_2019.jpg\"><img loading=\"lazy\" decoding=\"async\" class=\"aligncenter wp-image-896 size-full\" src=\"https:\/\/josequintanilla.com\/wp-content\/uploads\/2016\/02\/05_laaurora_2019.jpg\" alt=\"\" width=\"850\" height=\"638\" srcset=\"https:\/\/josequintanilla.com\/wp-content\/uploads\/2016\/02\/05_laaurora_2019.jpg 850w, https:\/\/josequintanilla.com\/wp-content\/uploads\/2016\/02\/05_laaurora_2019-300x225.jpg 300w, https:\/\/josequintanilla.com\/wp-content\/uploads\/2016\/02\/05_laaurora_2019-768x576.jpg 768w\" sizes=\"auto, (max-width: 850px) 100vw, 850px\" \/><\/a><a href=\"https:\/\/josequintanilla.com\/wp-content\/uploads\/2016\/02\/01_laaurora_2019.jpg\"><img loading=\"lazy\" decoding=\"async\" class=\"aligncenter wp-image-897 size-full\" src=\"https:\/\/josequintanilla.com\/wp-content\/uploads\/2016\/02\/01_laaurora_2019.jpg\" alt=\"\" width=\"850\" height=\"638\" srcset=\"https:\/\/josequintanilla.com\/wp-content\/uploads\/2016\/02\/01_laaurora_2019.jpg 850w, https:\/\/josequintanilla.com\/wp-content\/uploads\/2016\/02\/01_laaurora_2019-300x225.jpg 300w, https:\/\/josequintanilla.com\/wp-content\/uploads\/2016\/02\/01_laaurora_2019-768x576.jpg 768w\" sizes=\"auto, (max-width: 850px) 100vw, 850px\" \/><\/a><\/p>\n<h2><\/h2>\n<p>Volver <a href=\"#arriba\">arriba<\/a><\/p>\n<p><a name=\"14\"><\/a><\/p>\n<h2 style=\"text-align: center;\"><strong>\u00abPremios Fundaci\u00f3n ENAIRE\u00bb<br \/>\n<\/strong><strong>Photo Espa\u00f1a, Jard\u00edn Bot\u00e1nico de Madrid<br \/>\n<\/strong><\/h2>\n<p style=\"text-align: center;\">Junio 2019. Seleccionado en la XI edici\u00f3n de los premios nacionales de fotograf\u00eda Fundaci\u00f3n ENAIRE, exposici\u00f3n que inaugur\u00f3 el festival de fotograf\u00eda Photo Espa\u00f1a 2019, en la sala de exposiciones del Jard\u00edn Bot\u00e1nico de Madrid.<br \/>\nA la inauguraci\u00f3n asistieron el ministro de cultura Jos\u00e9 Guirao, la alcaldesa de Madrid Manuela Carmena, Angel Gabilondo y otras autoridades del gobierno y la comunidad de Madrid.<\/p>\n<p><a href=\"https:\/\/josequintanilla.com\/wp-content\/uploads\/2016\/02\/01_mundo_raro.jpg\"><br \/>\n<\/a><a href=\"https:\/\/josequintanilla.com\/wp-content\/uploads\/2016\/02\/01_enaire2019.jpg\"><img loading=\"lazy\" decoding=\"async\" class=\"aligncenter wp-image-885 size-full\" src=\"https:\/\/josequintanilla.com\/wp-content\/uploads\/2016\/02\/01_enaire2019.jpg\" alt=\"\" width=\"850\" height=\"845\" srcset=\"https:\/\/josequintanilla.com\/wp-content\/uploads\/2016\/02\/01_enaire2019.jpg 850w, https:\/\/josequintanilla.com\/wp-content\/uploads\/2016\/02\/01_enaire2019-150x150.jpg 150w, https:\/\/josequintanilla.com\/wp-content\/uploads\/2016\/02\/01_enaire2019-300x298.jpg 300w, https:\/\/josequintanilla.com\/wp-content\/uploads\/2016\/02\/01_enaire2019-768x763.jpg 768w, https:\/\/josequintanilla.com\/wp-content\/uploads\/2016\/02\/01_enaire2019-100x100.jpg 100w, https:\/\/josequintanilla.com\/wp-content\/uploads\/2016\/02\/01_enaire2019-50x50.jpg 50w\" sizes=\"auto, (max-width: 850px) 100vw, 850px\" \/><\/a><a href=\"https:\/\/josequintanilla.com\/wp-content\/uploads\/2016\/02\/02_enaire2019.jpg\"><img loading=\"lazy\" decoding=\"async\" class=\"aligncenter wp-image-886 size-full\" src=\"https:\/\/josequintanilla.com\/wp-content\/uploads\/2016\/02\/02_enaire2019.jpg\" alt=\"\" width=\"850\" height=\"505\" srcset=\"https:\/\/josequintanilla.com\/wp-content\/uploads\/2016\/02\/02_enaire2019.jpg 850w, https:\/\/josequintanilla.com\/wp-content\/uploads\/2016\/02\/02_enaire2019-300x178.jpg 300w, https:\/\/josequintanilla.com\/wp-content\/uploads\/2016\/02\/02_enaire2019-768x456.jpg 768w\" sizes=\"auto, (max-width: 850px) 100vw, 850px\" \/><\/a><a href=\"https:\/\/josequintanilla.com\/wp-content\/uploads\/2016\/02\/03_enaire2019.jpg\"><img loading=\"lazy\" decoding=\"async\" class=\"aligncenter wp-image-887 size-full\" src=\"https:\/\/josequintanilla.com\/wp-content\/uploads\/2016\/02\/03_enaire2019.jpg\" alt=\"\" width=\"850\" height=\"619\" srcset=\"https:\/\/josequintanilla.com\/wp-content\/uploads\/2016\/02\/03_enaire2019.jpg 850w, https:\/\/josequintanilla.com\/wp-content\/uploads\/2016\/02\/03_enaire2019-300x218.jpg 300w, https:\/\/josequintanilla.com\/wp-content\/uploads\/2016\/02\/03_enaire2019-768x559.jpg 768w\" sizes=\"auto, (max-width: 850px) 100vw, 850px\" \/><\/a><\/p>\n<h2><\/h2>\n<p>Volver <a href=\"#arriba\">arriba<\/a><\/p>\n<p><a name=\"13\"><\/a><\/p>\n<h2 style=\"text-align: center;\"><strong>\u00abEntre ra\u00edces y ausencias\u00bb<br \/>\n<\/strong><strong>Fundaci\u00f3n Ram\u00f3n J. Sender (UNED), Barbastro (Huesca)<br \/>\n<\/strong><\/h2>\n<p style=\"text-align: center;\">Junio 2018. Exposici\u00f3n individual dentro del Festival de Fotograf\u00eda BFOTO.<br \/>\nSala de exposiciones Francisco de Goya de la Fundaci\u00f3n Ram\u00f3n J. Sender (UNED) de Barbastro en Huesca.<\/p>\n<p><a href=\"https:\/\/josequintanilla.com\/wp-content\/uploads\/2016\/02\/01_mundo_raro.jpg\"><br \/>\n<\/a><a href=\"https:\/\/josequintanilla.com\/wp-content\/uploads\/2016\/02\/01_bfoto_2018.jpg\"><img loading=\"lazy\" decoding=\"async\" class=\"aligncenter wp-image-860 size-full\" src=\"https:\/\/josequintanilla.com\/wp-content\/uploads\/2016\/02\/01_bfoto_2018.jpg\" alt=\"\" width=\"850\" height=\"492\" srcset=\"https:\/\/josequintanilla.com\/wp-content\/uploads\/2016\/02\/01_bfoto_2018.jpg 850w, https:\/\/josequintanilla.com\/wp-content\/uploads\/2016\/02\/01_bfoto_2018-300x175.jpg 300w, https:\/\/josequintanilla.com\/wp-content\/uploads\/2016\/02\/01_bfoto_2018-768x445.jpg 768w\" sizes=\"auto, (max-width: 850px) 100vw, 850px\" \/><\/a><a href=\"https:\/\/josequintanilla.com\/wp-content\/uploads\/2016\/02\/02_bfoto_2018.jpg\"><img loading=\"lazy\" decoding=\"async\" class=\"aligncenter wp-image-861 size-full\" src=\"https:\/\/josequintanilla.com\/wp-content\/uploads\/2016\/02\/02_bfoto_2018.jpg\" alt=\"\" width=\"850\" height=\"640\" srcset=\"https:\/\/josequintanilla.com\/wp-content\/uploads\/2016\/02\/02_bfoto_2018.jpg 850w, https:\/\/josequintanilla.com\/wp-content\/uploads\/2016\/02\/02_bfoto_2018-300x226.jpg 300w, https:\/\/josequintanilla.com\/wp-content\/uploads\/2016\/02\/02_bfoto_2018-768x578.jpg 768w\" sizes=\"auto, (max-width: 850px) 100vw, 850px\" \/><\/a><a href=\"https:\/\/josequintanilla.com\/wp-content\/uploads\/2016\/02\/06_bfoto_2018.jpg\"><img loading=\"lazy\" decoding=\"async\" class=\"aligncenter wp-image-864 size-full\" src=\"https:\/\/josequintanilla.com\/wp-content\/uploads\/2016\/02\/06_bfoto_2018.jpg\" alt=\"\" width=\"850\" height=\"637\" srcset=\"https:\/\/josequintanilla.com\/wp-content\/uploads\/2016\/02\/06_bfoto_2018.jpg 850w, https:\/\/josequintanilla.com\/wp-content\/uploads\/2016\/02\/06_bfoto_2018-300x225.jpg 300w, https:\/\/josequintanilla.com\/wp-content\/uploads\/2016\/02\/06_bfoto_2018-768x576.jpg 768w\" sizes=\"auto, (max-width: 850px) 100vw, 850px\" \/><\/a><a href=\"https:\/\/josequintanilla.com\/wp-content\/uploads\/2016\/02\/04_bfoto_2018.jpg\"><img loading=\"lazy\" decoding=\"async\" class=\"aligncenter wp-image-865 size-full\" src=\"https:\/\/josequintanilla.com\/wp-content\/uploads\/2016\/02\/04_bfoto_2018.jpg\" alt=\"\" width=\"850\" height=\"495\" srcset=\"https:\/\/josequintanilla.com\/wp-content\/uploads\/2016\/02\/04_bfoto_2018.jpg 850w, https:\/\/josequintanilla.com\/wp-content\/uploads\/2016\/02\/04_bfoto_2018-300x175.jpg 300w, https:\/\/josequintanilla.com\/wp-content\/uploads\/2016\/02\/04_bfoto_2018-768x447.jpg 768w\" sizes=\"auto, (max-width: 850px) 100vw, 850px\" \/><\/a><\/p>\n<h2><\/h2>\n<p>Volver <a href=\"#arriba\">arriba<\/a><\/p>\n<p><a name=\"12\"><\/a><\/p>\n<h2 style=\"text-align: center;\"><strong>\u00abMundo Raro\u00bb<br \/>\n<\/strong><strong>Galer\u00eda B&amp;B Arte Contempor\u00e1neo, Madrid<br \/>\n<\/strong><\/h2>\n<p style=\"text-align: center;\">Noviembre 2017. Exposici\u00f3n colectiva del grupo Mundo con los artistas Diego Canogar, David Gonz\u00e1lez Grande, Zvonimir Kremenic, Olop Ocram,<br \/>\nJos\u00e9 Quintanilla, Ra\u00fal Romanillos, Jos\u00e9 Luis Romero y Ubaldo Serrano.<\/p>\n<p><a href=\"https:\/\/josequintanilla.com\/wp-content\/uploads\/2016\/02\/01_mundo_raro.jpg\"><br \/>\n<\/a><a href=\"https:\/\/josequintanilla.com\/wp-content\/uploads\/2016\/02\/02_mundo_raro.jpg\"><img loading=\"lazy\" decoding=\"async\" class=\"aligncenter wp-image-782 size-full\" src=\"https:\/\/josequintanilla.com\/wp-content\/uploads\/2016\/02\/02_mundo_raro.jpg\" alt=\"\" width=\"850\" height=\"479\" srcset=\"https:\/\/josequintanilla.com\/wp-content\/uploads\/2016\/02\/02_mundo_raro.jpg 850w, https:\/\/josequintanilla.com\/wp-content\/uploads\/2016\/02\/02_mundo_raro-300x169.jpg 300w, https:\/\/josequintanilla.com\/wp-content\/uploads\/2016\/02\/02_mundo_raro-768x433.jpg 768w\" sizes=\"auto, (max-width: 850px) 100vw, 850px\" \/><\/a><a href=\"https:\/\/josequintanilla.com\/wp-content\/uploads\/2016\/02\/01_mundo_raro.jpg\"><img loading=\"lazy\" decoding=\"async\" class=\"aligncenter wp-image-781 size-full\" src=\"https:\/\/josequintanilla.com\/wp-content\/uploads\/2016\/02\/01_mundo_raro.jpg\" alt=\"\" width=\"850\" height=\"471\" srcset=\"https:\/\/josequintanilla.com\/wp-content\/uploads\/2016\/02\/01_mundo_raro.jpg 850w, https:\/\/josequintanilla.com\/wp-content\/uploads\/2016\/02\/01_mundo_raro-300x166.jpg 300w, https:\/\/josequintanilla.com\/wp-content\/uploads\/2016\/02\/01_mundo_raro-768x426.jpg 768w\" sizes=\"auto, (max-width: 850px) 100vw, 850px\" \/><\/a><\/p>\n<h2><\/h2>\n<p>Volver <a href=\"#arriba\">arriba<\/a><\/p>\n<p><a name=\"primero\"><\/a><\/p>\n<h2 style=\"text-align: center;\"><strong>\u00abTranscurso\u00bb<br \/>\n<\/strong><strong>Galer\u00eda Bea Villamar\u00edn, Gij\u00f3n (Asturias)<br \/>\n<\/strong><\/h2>\n<p style=\"text-align: center;\">Julio 2017. Exposici\u00f3n individual que presenta la serie Transcurso en diferentes formatos.<br \/>\nLa inauguraci\u00f3n fue presentada por la comisaria Natalia Alonso.<\/p>\n<p><a href=\"https:\/\/josequintanilla.com\/wp-content\/uploads\/2016\/02\/transurso_evento.jpg\"><img loading=\"lazy\" decoding=\"async\" class=\"aligncenter wp-image-744 size-full\" src=\"https:\/\/josequintanilla.com\/wp-content\/uploads\/2016\/02\/transurso_evento.jpg\" width=\"850\" height=\"478\" srcset=\"https:\/\/josequintanilla.com\/wp-content\/uploads\/2016\/02\/transurso_evento.jpg 850w, https:\/\/josequintanilla.com\/wp-content\/uploads\/2016\/02\/transurso_evento-300x169.jpg 300w, https:\/\/josequintanilla.com\/wp-content\/uploads\/2016\/02\/transurso_evento-768x432.jpg 768w\" sizes=\"auto, (max-width: 850px) 100vw, 850px\" \/><\/a><\/p>\n<p><a href=\"https:\/\/josequintanilla.com\/wp-content\/uploads\/2016\/02\/01_bea_villamarina_2017.jpg\"><img loading=\"lazy\" decoding=\"async\" class=\"aligncenter wp-image-746 size-full\" src=\"https:\/\/josequintanilla.com\/wp-content\/uploads\/2016\/02\/01_bea_villamarina_2017.jpg\" width=\"850\" height=\"360\" srcset=\"https:\/\/josequintanilla.com\/wp-content\/uploads\/2016\/02\/01_bea_villamarina_2017.jpg 850w, https:\/\/josequintanilla.com\/wp-content\/uploads\/2016\/02\/01_bea_villamarina_2017-300x127.jpg 300w, https:\/\/josequintanilla.com\/wp-content\/uploads\/2016\/02\/01_bea_villamarina_2017-768x325.jpg 768w\" sizes=\"auto, (max-width: 850px) 100vw, 850px\" \/><\/a><\/p>\n<p><a href=\"https:\/\/josequintanilla.com\/wp-content\/uploads\/2016\/02\/02_bea_villamarina_2017.jpg\"><img loading=\"lazy\" decoding=\"async\" class=\"aligncenter wp-image-747 size-full\" src=\"https:\/\/josequintanilla.com\/wp-content\/uploads\/2016\/02\/02_bea_villamarina_2017.jpg\" width=\"850\" height=\"429\" srcset=\"https:\/\/josequintanilla.com\/wp-content\/uploads\/2016\/02\/02_bea_villamarina_2017.jpg 850w, https:\/\/josequintanilla.com\/wp-content\/uploads\/2016\/02\/02_bea_villamarina_2017-300x151.jpg 300w, https:\/\/josequintanilla.com\/wp-content\/uploads\/2016\/02\/02_bea_villamarina_2017-768x388.jpg 768w\" sizes=\"auto, (max-width: 850px) 100vw, 850px\" \/><\/a><\/p>\n<p><a href=\"https:\/\/josequintanilla.com\/wp-content\/uploads\/2016\/02\/03_bea_villamarina_2017.jpg\"><img loading=\"lazy\" decoding=\"async\" class=\"aligncenter wp-image-748 size-full\" src=\"https:\/\/josequintanilla.com\/wp-content\/uploads\/2016\/02\/03_bea_villamarina_2017.jpg\" width=\"850\" height=\"675\" srcset=\"https:\/\/josequintanilla.com\/wp-content\/uploads\/2016\/02\/03_bea_villamarina_2017.jpg 850w, https:\/\/josequintanilla.com\/wp-content\/uploads\/2016\/02\/03_bea_villamarina_2017-300x238.jpg 300w, https:\/\/josequintanilla.com\/wp-content\/uploads\/2016\/02\/03_bea_villamarina_2017-768x610.jpg 768w\" sizes=\"auto, (max-width: 850px) 100vw, 850px\" \/><\/a><\/p>\n<p><a href=\"https:\/\/josequintanilla.com\/wp-content\/uploads\/2016\/02\/04_bea_villamarina_2017.jpg\"><img loading=\"lazy\" decoding=\"async\" class=\"aligncenter wp-image-749 size-full\" src=\"https:\/\/josequintanilla.com\/wp-content\/uploads\/2016\/02\/04_bea_villamarina_2017.jpg\" width=\"850\" height=\"729\" srcset=\"https:\/\/josequintanilla.com\/wp-content\/uploads\/2016\/02\/04_bea_villamarina_2017.jpg 850w, https:\/\/josequintanilla.com\/wp-content\/uploads\/2016\/02\/04_bea_villamarina_2017-300x257.jpg 300w, https:\/\/josequintanilla.com\/wp-content\/uploads\/2016\/02\/04_bea_villamarina_2017-768x659.jpg 768w\" sizes=\"auto, (max-width: 850px) 100vw, 850px\" \/><\/a><\/p>\n<h2><\/h2>\n<p>Volver <a href=\"#arriba\">arriba<\/a><\/p>\n<p><a name=\"segundo\"><\/a><\/p>\n<h2 style=\"text-align: center;\"><strong>\u00abPremios\u00a0Fundaci\u00f3n ENAIRE\u00bb<br \/>\n<\/strong><strong>\u00a0Instituto Cervantes,\u00a0Madrid<\/strong><\/h2>\n<p style=\"text-align: center;\">Junio 2017.\u00a0Obra seleccionada en la IX edici\u00f3n de los Premios Fundaci\u00f3n ENAIRE y expuesta dentro del festival Photo Espa\u00f1a 2017, en la sede central del Instituto Cervantes de Madrid. Adem\u00e1s de los seleccionados, en la exposici\u00f3n se mostraron obras de la colecci\u00f3n con autores como Chema Madoz, Pablo Genov\u00e9s o Alberto Garc\u00eda-Alix entre otros.<\/p>\n<p style=\"text-align: center;\">A la inauguraci\u00f3n asistieron el Ministro de Fomento I\u00f1igo de la Serna y el Director del Instituto Cervantes Juan Manuel Bonet.<\/p>\n<p><a href=\"https:\/\/josequintanilla.com\/wp-content\/uploads\/2016\/02\/00_enaire_2017.jpg\"><img loading=\"lazy\" decoding=\"async\" class=\"aligncenter wp-image-735 size-full\" src=\"https:\/\/josequintanilla.com\/wp-content\/uploads\/2016\/02\/00_enaire_2017.jpg\" width=\"850\" height=\"571\" srcset=\"https:\/\/josequintanilla.com\/wp-content\/uploads\/2016\/02\/00_enaire_2017.jpg 850w, https:\/\/josequintanilla.com\/wp-content\/uploads\/2016\/02\/00_enaire_2017-300x202.jpg 300w, https:\/\/josequintanilla.com\/wp-content\/uploads\/2016\/02\/00_enaire_2017-768x516.jpg 768w\" sizes=\"auto, (max-width: 850px) 100vw, 850px\" \/><br \/>\n<\/a><a href=\"https:\/\/josequintanilla.com\/wp-content\/uploads\/2016\/02\/01_enaire_2017.jpg\"><img loading=\"lazy\" decoding=\"async\" class=\"aligncenter wp-image-736 size-full\" src=\"https:\/\/josequintanilla.com\/wp-content\/uploads\/2016\/02\/01_enaire_2017.jpg\" width=\"850\" height=\"571\" srcset=\"https:\/\/josequintanilla.com\/wp-content\/uploads\/2016\/02\/01_enaire_2017.jpg 850w, https:\/\/josequintanilla.com\/wp-content\/uploads\/2016\/02\/01_enaire_2017-300x202.jpg 300w, https:\/\/josequintanilla.com\/wp-content\/uploads\/2016\/02\/01_enaire_2017-768x516.jpg 768w\" sizes=\"auto, (max-width: 850px) 100vw, 850px\" \/><\/a><a href=\"https:\/\/josequintanilla.com\/wp-content\/uploads\/2016\/02\/00_enaire_2017.jpg\"><br \/>\n<\/a><a href=\"https:\/\/josequintanilla.com\/wp-content\/uploads\/2016\/02\/02_enaire_2017.jpg\"><img loading=\"lazy\" decoding=\"async\" class=\"aligncenter wp-image-737 size-full\" src=\"https:\/\/josequintanilla.com\/wp-content\/uploads\/2016\/02\/02_enaire_2017.jpg\" width=\"850\" height=\"571\" srcset=\"https:\/\/josequintanilla.com\/wp-content\/uploads\/2016\/02\/02_enaire_2017.jpg 850w, https:\/\/josequintanilla.com\/wp-content\/uploads\/2016\/02\/02_enaire_2017-300x202.jpg 300w, https:\/\/josequintanilla.com\/wp-content\/uploads\/2016\/02\/02_enaire_2017-768x516.jpg 768w\" sizes=\"auto, (max-width: 850px) 100vw, 850px\" \/><\/a><a href=\"https:\/\/josequintanilla.com\/wp-content\/uploads\/2016\/02\/00_enaire_2017.jpg\"><br \/>\n<\/a><a href=\"https:\/\/josequintanilla.com\/wp-content\/uploads\/2016\/02\/03_enaire_2017.jpg\"><img loading=\"lazy\" decoding=\"async\" class=\"aligncenter wp-image-738 size-full\" src=\"https:\/\/josequintanilla.com\/wp-content\/uploads\/2016\/02\/03_enaire_2017.jpg\" width=\"850\" height=\"571\" srcset=\"https:\/\/josequintanilla.com\/wp-content\/uploads\/2016\/02\/03_enaire_2017.jpg 850w, https:\/\/josequintanilla.com\/wp-content\/uploads\/2016\/02\/03_enaire_2017-300x202.jpg 300w, https:\/\/josequintanilla.com\/wp-content\/uploads\/2016\/02\/03_enaire_2017-768x516.jpg 768w\" sizes=\"auto, (max-width: 850px) 100vw, 850px\" \/><\/a><\/p>\n<p>Volver <a href=\"#arriba\">arriba<\/a><\/p>\n<p><a name=\"tercero\"><\/a><\/p>\n<h2 style=\"text-align: center;\"><strong><br \/>\n\u00abEl rinc\u00f3n feliz\u00bb<br \/>\n<\/strong><strong>\u00a0Museo Juan Barjola,\u00a0Gij\u00f3n<\/strong><\/h2>\n<p style=\"text-align: center;\">Mayo 2017. Exposici\u00f3n comisariada por Natalia Alonso Arduengo con los artistas Federico Granell, Primoz Bxzjak, C\u00e9sar Lacalle, Christian Dom\u00ednguez, M\u00f3nica Dixon, Kela Koto y Rosell Meseguer<\/p>\n<p style=\"text-align: center;\">Se muestran 8 fotograf\u00edas de la serie \u00abTranscurso\u00bb.<\/p>\n<p><a href=\"https:\/\/josequintanilla.com\/wp-content\/uploads\/2016\/02\/IMG_6060.jpg\"><img loading=\"lazy\" decoding=\"async\" class=\"aligncenter wp-image-729 size-large\" src=\"https:\/\/josequintanilla.com\/wp-content\/uploads\/2016\/02\/IMG_6060-1024x768.jpg\" width=\"1024\" height=\"768\" srcset=\"https:\/\/josequintanilla.com\/wp-content\/uploads\/2016\/02\/IMG_6060.jpg 1024w, https:\/\/josequintanilla.com\/wp-content\/uploads\/2016\/02\/IMG_6060-300x225.jpg 300w, https:\/\/josequintanilla.com\/wp-content\/uploads\/2016\/02\/IMG_6060-768x576.jpg 768w\" sizes=\"auto, (max-width: 1024px) 100vw, 1024px\" \/><br \/>\n<\/a><a href=\"https:\/\/josequintanilla.com\/wp-content\/uploads\/2016\/02\/IMG_6066-1.jpg\"><img loading=\"lazy\" decoding=\"async\" class=\"aligncenter wp-image-731 size-large\" src=\"https:\/\/josequintanilla.com\/wp-content\/uploads\/2016\/02\/IMG_6066-1-1024x768.jpg\" width=\"1024\" height=\"768\" srcset=\"https:\/\/josequintanilla.com\/wp-content\/uploads\/2016\/02\/IMG_6066-1-1024x768.jpg 1024w, https:\/\/josequintanilla.com\/wp-content\/uploads\/2016\/02\/IMG_6066-1-300x225.jpg 300w, https:\/\/josequintanilla.com\/wp-content\/uploads\/2016\/02\/IMG_6066-1-768x576.jpg 768w, https:\/\/josequintanilla.com\/wp-content\/uploads\/2016\/02\/IMG_6066-1.jpg 1600w\" sizes=\"auto, (max-width: 1024px) 100vw, 1024px\" \/><br \/>\n<\/a><a href=\"https:\/\/josequintanilla.com\/wp-content\/uploads\/2016\/02\/IMG_6090.jpg\"><img loading=\"lazy\" decoding=\"async\" class=\"aligncenter wp-image-732 size-large\" src=\"https:\/\/josequintanilla.com\/wp-content\/uploads\/2016\/02\/IMG_6090-1024x768.jpg\" width=\"1024\" height=\"768\" srcset=\"https:\/\/josequintanilla.com\/wp-content\/uploads\/2016\/02\/IMG_6090-1024x768.jpg 1024w, https:\/\/josequintanilla.com\/wp-content\/uploads\/2016\/02\/IMG_6090-300x225.jpg 300w, https:\/\/josequintanilla.com\/wp-content\/uploads\/2016\/02\/IMG_6090-768x576.jpg 768w\" sizes=\"auto, (max-width: 1024px) 100vw, 1024px\" \/><\/a><\/p>\n<p>Volver <a href=\"#arriba\">arriba<\/a><\/p>\n<p><a name=\"cuarto\"><\/a><\/p>\n<h2 style=\"text-align: center;\"><strong>\u00abMi casa, mi \u00e1rbol\u00bb<br \/>\n<\/strong><strong>\u00a0Sala La Asunci\u00f3n, Diputaci\u00f3n de Albacete<\/strong><\/h2>\n<p style=\"text-align: center;\">Marzo 2017. Exposici\u00f3n individual<\/p>\n<p style=\"text-align: center;\">Esta exposici\u00f3n cierra de alguna manera un ciclo ya que las fotograf\u00edas vuelven al entorno donde fueron tomadas.<\/p>\n<p><a href=\"https:\/\/josequintanilla.com\/wp-content\/uploads\/2016\/02\/05_albacete_2017.jpg\"><img loading=\"lazy\" decoding=\"async\" class=\"aligncenter wp-image-711 size-full\" src=\"https:\/\/josequintanilla.com\/wp-content\/uploads\/2016\/02\/05_albacete_2017.jpg\" width=\"850\" height=\"571\" srcset=\"https:\/\/josequintanilla.com\/wp-content\/uploads\/2016\/02\/05_albacete_2017.jpg 850w, https:\/\/josequintanilla.com\/wp-content\/uploads\/2016\/02\/05_albacete_2017-300x202.jpg 300w, https:\/\/josequintanilla.com\/wp-content\/uploads\/2016\/02\/05_albacete_2017-768x516.jpg 768w\" sizes=\"auto, (max-width: 850px) 100vw, 850px\" \/><\/a><\/p>\n<p><a href=\"https:\/\/josequintanilla.com\/wp-content\/uploads\/2016\/02\/07_albacete_2017.jpg\"><img loading=\"lazy\" decoding=\"async\" class=\"aligncenter wp-image-712 size-full\" src=\"https:\/\/josequintanilla.com\/wp-content\/uploads\/2016\/02\/07_albacete_2017.jpg\" width=\"850\" height=\"492\" srcset=\"https:\/\/josequintanilla.com\/wp-content\/uploads\/2016\/02\/07_albacete_2017.jpg 850w, https:\/\/josequintanilla.com\/wp-content\/uploads\/2016\/02\/07_albacete_2017-300x175.jpg 300w, https:\/\/josequintanilla.com\/wp-content\/uploads\/2016\/02\/07_albacete_2017-768x445.jpg 768w\" sizes=\"auto, (max-width: 850px) 100vw, 850px\" \/><\/a><\/p>\n<p><a href=\"https:\/\/josequintanilla.com\/wp-content\/uploads\/2016\/02\/06_albacete_2017.jpg\"><img loading=\"lazy\" decoding=\"async\" class=\"aligncenter wp-image-713 size-full\" src=\"https:\/\/josequintanilla.com\/wp-content\/uploads\/2016\/02\/06_albacete_2017.jpg\" width=\"850\" height=\"276\" srcset=\"https:\/\/josequintanilla.com\/wp-content\/uploads\/2016\/02\/06_albacete_2017.jpg 850w, https:\/\/josequintanilla.com\/wp-content\/uploads\/2016\/02\/06_albacete_2017-300x97.jpg 300w, https:\/\/josequintanilla.com\/wp-content\/uploads\/2016\/02\/06_albacete_2017-768x249.jpg 768w\" sizes=\"auto, (max-width: 850px) 100vw, 850px\" \/><\/a><\/p>\n<p><a href=\"https:\/\/josequintanilla.com\/wp-content\/uploads\/2016\/02\/03_albacete_2017-1.jpg\"><img loading=\"lazy\" decoding=\"async\" class=\"aligncenter wp-image-715 size-full\" src=\"https:\/\/josequintanilla.com\/wp-content\/uploads\/2016\/02\/03_albacete_2017-1.jpg\" width=\"850\" height=\"571\" srcset=\"https:\/\/josequintanilla.com\/wp-content\/uploads\/2016\/02\/03_albacete_2017-1.jpg 850w, https:\/\/josequintanilla.com\/wp-content\/uploads\/2016\/02\/03_albacete_2017-1-300x202.jpg 300w, https:\/\/josequintanilla.com\/wp-content\/uploads\/2016\/02\/03_albacete_2017-1-768x516.jpg 768w\" sizes=\"auto, (max-width: 850px) 100vw, 850px\" \/><\/a><\/p>\n<p><a href=\"https:\/\/josequintanilla.com\/wp-content\/uploads\/2016\/02\/01_albacete_2017.jpg\"><img loading=\"lazy\" decoding=\"async\" class=\"aligncenter wp-image-716 size-full\" src=\"https:\/\/josequintanilla.com\/wp-content\/uploads\/2016\/02\/01_albacete_2017.jpg\" width=\"850\" height=\"570\" srcset=\"https:\/\/josequintanilla.com\/wp-content\/uploads\/2016\/02\/01_albacete_2017.jpg 850w, https:\/\/josequintanilla.com\/wp-content\/uploads\/2016\/02\/01_albacete_2017-300x201.jpg 300w, https:\/\/josequintanilla.com\/wp-content\/uploads\/2016\/02\/01_albacete_2017-768x515.jpg 768w\" sizes=\"auto, (max-width: 850px) 100vw, 850px\" \/><\/a><\/p>\n<p>Volver <a href=\"#arriba\">arriba<\/a><\/p>\n<p><a name=\"quinto\"><\/a><\/p>\n<h2 style=\"text-align: center;\"><strong>\u00abMa maison, mon arbre\u00bb<br \/>\n<\/strong><strong>\u00a0Colegio de Espa\u00f1a en Paris, Francia<\/strong><\/h2>\n<p style=\"text-align: center;\">Noviembre\u00a02016. Exposici\u00f3n individual<\/p>\n<p style=\"text-align: center;\">Una de las fotograf\u00edas de la exposici\u00f3n obtuvo el Primer Premio del XVIII Concurso de Artes Pl\u00e1sticas de la C\u00e1mara de Comercio de Espa\u00f1a en Francia, siendo presidente del jurado Juan Manuel Bonet, director del Instituto Cervantes de Paris<\/p>\n<p><a href=\"https:\/\/josequintanilla.com\/wp-content\/uploads\/2016\/02\/invitacion.jpg\"><img loading=\"lazy\" decoding=\"async\" class=\"aligncenter wp-image-679 size-full\" src=\"https:\/\/josequintanilla.com\/wp-content\/uploads\/2016\/02\/invitacion.jpg\" width=\"850\" height=\"383\" srcset=\"https:\/\/josequintanilla.com\/wp-content\/uploads\/2016\/02\/invitacion.jpg 850w, https:\/\/josequintanilla.com\/wp-content\/uploads\/2016\/02\/invitacion-300x135.jpg 300w, https:\/\/josequintanilla.com\/wp-content\/uploads\/2016\/02\/invitacion-768x346.jpg 768w\" sizes=\"auto, (max-width: 850px) 100vw, 850px\" \/><\/a><\/p>\n<p><a href=\"https:\/\/josequintanilla.com\/wp-content\/uploads\/2016\/02\/00_expoParis.jpg\"><img loading=\"lazy\" decoding=\"async\" class=\"aligncenter wp-image-681 size-full\" src=\"https:\/\/josequintanilla.com\/wp-content\/uploads\/2016\/02\/00_expoParis.jpg\" width=\"850\" height=\"635\" srcset=\"https:\/\/josequintanilla.com\/wp-content\/uploads\/2016\/02\/00_expoParis.jpg 850w, https:\/\/josequintanilla.com\/wp-content\/uploads\/2016\/02\/00_expoParis-300x224.jpg 300w, https:\/\/josequintanilla.com\/wp-content\/uploads\/2016\/02\/00_expoParis-768x574.jpg 768w\" sizes=\"auto, (max-width: 850px) 100vw, 850px\" \/><\/a><\/p>\n<p><a href=\"https:\/\/josequintanilla.com\/wp-content\/uploads\/2016\/02\/02_expoParis.jpg\"><img loading=\"lazy\" decoding=\"async\" class=\"aligncenter wp-image-683 size-full\" src=\"https:\/\/josequintanilla.com\/wp-content\/uploads\/2016\/02\/02_expoParis.jpg\" width=\"850\" height=\"635\" srcset=\"https:\/\/josequintanilla.com\/wp-content\/uploads\/2016\/02\/02_expoParis.jpg 850w, https:\/\/josequintanilla.com\/wp-content\/uploads\/2016\/02\/02_expoParis-300x224.jpg 300w, https:\/\/josequintanilla.com\/wp-content\/uploads\/2016\/02\/02_expoParis-768x574.jpg 768w\" sizes=\"auto, (max-width: 850px) 100vw, 850px\" \/><\/a><\/p>\n<p><a href=\"https:\/\/josequintanilla.com\/wp-content\/uploads\/2016\/02\/03_expoParis.jpg\"><img loading=\"lazy\" decoding=\"async\" class=\"aligncenter wp-image-684 size-full\" src=\"https:\/\/josequintanilla.com\/wp-content\/uploads\/2016\/02\/03_expoParis.jpg\" width=\"850\" height=\"635\" srcset=\"https:\/\/josequintanilla.com\/wp-content\/uploads\/2016\/02\/03_expoParis.jpg 850w, https:\/\/josequintanilla.com\/wp-content\/uploads\/2016\/02\/03_expoParis-300x224.jpg 300w, https:\/\/josequintanilla.com\/wp-content\/uploads\/2016\/02\/03_expoParis-768x574.jpg 768w\" sizes=\"auto, (max-width: 850px) 100vw, 850px\" \/><\/a><\/p>\n<p><a href=\"https:\/\/josequintanilla.com\/wp-content\/uploads\/2016\/02\/04_expoParis.jpg\"><img loading=\"lazy\" decoding=\"async\" class=\"aligncenter wp-image-685 size-full\" src=\"https:\/\/josequintanilla.com\/wp-content\/uploads\/2016\/02\/04_expoParis.jpg\" width=\"850\" height=\"635\" srcset=\"https:\/\/josequintanilla.com\/wp-content\/uploads\/2016\/02\/04_expoParis.jpg 850w, https:\/\/josequintanilla.com\/wp-content\/uploads\/2016\/02\/04_expoParis-300x224.jpg 300w, https:\/\/josequintanilla.com\/wp-content\/uploads\/2016\/02\/04_expoParis-768x574.jpg 768w\" sizes=\"auto, (max-width: 850px) 100vw, 850px\" \/><\/a><\/p>\n<p>Volver <a href=\"#arriba\">arriba<\/a><\/p>\n<p><a name=\"sexto\"><\/a><\/p>\n<h2 style=\"text-align: center;\"><strong>MUNDO &#8211; Centro Cultural La Vaguada<\/strong><b>,\u00a0Madrid<\/b><\/h2>\n<p style=\"text-align: center;\">Febrero\u00a02016<\/p>\n<p>Exposici\u00f3n colectiva que bajo el nombre de\u00a0<strong><em>\u00abMUNDO\u00bb\u00a0<\/em><\/strong>reune las diferentes propuestas de los artistas Diego Canogar, Czili, David Gonz\u00e1lez Grande, Zvonimir Kremenic, Rafael Lleonart, Jos\u00e9 Quintanilla, Ra\u00fal Romanillos, Jos\u00e9 Luis Romero y Ubaldo Serrano.<\/p>\n<h2 style=\"text-align: center;\"><\/h2>\n<p><a href=\"https:\/\/josequintanilla.com\/wp-content\/uploads\/2016\/02\/MUNDO_escultura_fotografia.jpg\"><img loading=\"lazy\" decoding=\"async\" class=\"aligncenter wp-image-593 size-full\" src=\"https:\/\/josequintanilla.com\/wp-content\/uploads\/2016\/02\/MUNDO_escultura_fotografia.jpg\" alt=\"\" width=\"877\" height=\"500\" srcset=\"https:\/\/josequintanilla.com\/wp-content\/uploads\/2016\/02\/MUNDO_escultura_fotografia.jpg 877w, https:\/\/josequintanilla.com\/wp-content\/uploads\/2016\/02\/MUNDO_escultura_fotografia-300x171.jpg 300w, https:\/\/josequintanilla.com\/wp-content\/uploads\/2016\/02\/MUNDO_escultura_fotografia-768x438.jpg 768w\" sizes=\"auto, (max-width: 877px) 100vw, 877px\" \/><\/a><\/p>\n<p><a href=\"https:\/\/josequintanilla.com\/wp-content\/uploads\/2016\/02\/00_mundo_2016.jpg\"><img loading=\"lazy\" decoding=\"async\" class=\"aligncenter wp-image-634 size-full\" src=\"https:\/\/josequintanilla.com\/wp-content\/uploads\/2016\/02\/00_mundo_2016.jpg\" alt=\"\" width=\"850\" height=\"638\" srcset=\"https:\/\/josequintanilla.com\/wp-content\/uploads\/2016\/02\/00_mundo_2016.jpg 850w, https:\/\/josequintanilla.com\/wp-content\/uploads\/2016\/02\/00_mundo_2016-300x225.jpg 300w, https:\/\/josequintanilla.com\/wp-content\/uploads\/2016\/02\/00_mundo_2016-768x576.jpg 768w\" sizes=\"auto, (max-width: 850px) 100vw, 850px\" \/><\/a><\/p>\n<p><a href=\"https:\/\/josequintanilla.com\/wp-content\/uploads\/2016\/02\/01_mundo_2016.jpg\"><img loading=\"lazy\" decoding=\"async\" class=\"aligncenter wp-image-635 size-full\" src=\"https:\/\/josequintanilla.com\/wp-content\/uploads\/2016\/02\/01_mundo_2016.jpg\" alt=\"\" width=\"850\" height=\"638\" srcset=\"https:\/\/josequintanilla.com\/wp-content\/uploads\/2016\/02\/01_mundo_2016.jpg 850w, https:\/\/josequintanilla.com\/wp-content\/uploads\/2016\/02\/01_mundo_2016-300x225.jpg 300w, https:\/\/josequintanilla.com\/wp-content\/uploads\/2016\/02\/01_mundo_2016-768x576.jpg 768w\" sizes=\"auto, (max-width: 850px) 100vw, 850px\" \/><\/a><\/p>\n<p><a href=\"https:\/\/josequintanilla.com\/wp-content\/uploads\/2016\/02\/02_mundo_2016.jpg\"><img loading=\"lazy\" decoding=\"async\" class=\"aligncenter wp-image-636 size-full\" src=\"https:\/\/josequintanilla.com\/wp-content\/uploads\/2016\/02\/02_mundo_2016.jpg\" alt=\"\" width=\"850\" height=\"637\" srcset=\"https:\/\/josequintanilla.com\/wp-content\/uploads\/2016\/02\/02_mundo_2016.jpg 850w, https:\/\/josequintanilla.com\/wp-content\/uploads\/2016\/02\/02_mundo_2016-300x225.jpg 300w, https:\/\/josequintanilla.com\/wp-content\/uploads\/2016\/02\/02_mundo_2016-768x576.jpg 768w\" sizes=\"auto, (max-width: 850px) 100vw, 850px\" \/><\/a><\/p>\n<p><a href=\"https:\/\/josequintanilla.com\/wp-content\/uploads\/2016\/02\/03_mundo_2016.jpg\"><img loading=\"lazy\" decoding=\"async\" class=\"aligncenter wp-image-637 size-full\" src=\"https:\/\/josequintanilla.com\/wp-content\/uploads\/2016\/02\/03_mundo_2016.jpg\" alt=\"\" width=\"850\" height=\"601\" srcset=\"https:\/\/josequintanilla.com\/wp-content\/uploads\/2016\/02\/03_mundo_2016.jpg 850w, https:\/\/josequintanilla.com\/wp-content\/uploads\/2016\/02\/03_mundo_2016-300x212.jpg 300w, https:\/\/josequintanilla.com\/wp-content\/uploads\/2016\/02\/03_mundo_2016-768x543.jpg 768w\" sizes=\"auto, (max-width: 850px) 100vw, 850px\" \/><\/a><\/p>\n<p><a href=\"https:\/\/josequintanilla.com\/wp-content\/uploads\/2016\/02\/04_mundo_2016.jpg\"><img loading=\"lazy\" decoding=\"async\" class=\"aligncenter wp-image-638 size-full\" src=\"https:\/\/josequintanilla.com\/wp-content\/uploads\/2016\/02\/04_mundo_2016.jpg\" alt=\"\" width=\"850\" height=\"637\" srcset=\"https:\/\/josequintanilla.com\/wp-content\/uploads\/2016\/02\/04_mundo_2016.jpg 850w, https:\/\/josequintanilla.com\/wp-content\/uploads\/2016\/02\/04_mundo_2016-300x225.jpg 300w, https:\/\/josequintanilla.com\/wp-content\/uploads\/2016\/02\/04_mundo_2016-768x576.jpg 768w\" sizes=\"auto, (max-width: 850px) 100vw, 850px\" \/><\/a><\/p>\n<p>Volver <a href=\"#arriba\">arriba<\/a><\/p>\n<p><a name=\"septimo\"><\/a><\/p>\n<h2 style=\"text-align: center;\"><strong>Galer\u00eda Beatriz\u00a0<\/strong><b>Villamarin, Gij\u00f3n<\/b><\/h2>\n<p style=\"text-align: center;\">Septiembre 2015<\/p>\n<p>Exposici\u00f3n individual que presenta la serie <strong><em>\u00abMi casa, mi \u00e1rbol\u00bb<\/em><\/strong>. La inauguraci\u00f3n se incluy\u00f3\u00a0dentro de programaci\u00f3n de La Noche Blanca de Gij\u00f3n, con una alt\u00edsima afluencia de p\u00fablico. La exposici\u00f3n se prolong\u00f3 una semana m\u00e1s de lo previsto por la galer\u00eda.<\/p>\n<p><img loading=\"lazy\" decoding=\"async\" class=\"aligncenter wp-image-562 size-full\" src=\"https:\/\/josequintanilla.com\/wp-content\/uploads\/2016\/02\/00_bea_villamarin_201.jpg\" alt=\"\" width=\"850\" height=\"406\" srcset=\"https:\/\/josequintanilla.com\/wp-content\/uploads\/2016\/02\/00_bea_villamarin_201.jpg 850w, https:\/\/josequintanilla.com\/wp-content\/uploads\/2016\/02\/00_bea_villamarin_201-300x143.jpg 300w, https:\/\/josequintanilla.com\/wp-content\/uploads\/2016\/02\/00_bea_villamarin_201-768x367.jpg 768w\" sizes=\"auto, (max-width: 850px) 100vw, 850px\" \/><\/p>\n<p><a href=\"https:\/\/josequintanilla.com\/wp-content\/uploads\/2016\/02\/01_bea_villamarin_201.jpg\"><img loading=\"lazy\" decoding=\"async\" class=\"aligncenter wp-image-564 size-full\" src=\"https:\/\/josequintanilla.com\/wp-content\/uploads\/2016\/02\/01_bea_villamarin_201.jpg\" alt=\"\" width=\"850\" height=\"638\" srcset=\"https:\/\/josequintanilla.com\/wp-content\/uploads\/2016\/02\/01_bea_villamarin_201.jpg 850w, https:\/\/josequintanilla.com\/wp-content\/uploads\/2016\/02\/01_bea_villamarin_201-300x225.jpg 300w, https:\/\/josequintanilla.com\/wp-content\/uploads\/2016\/02\/01_bea_villamarin_201-768x576.jpg 768w\" sizes=\"auto, (max-width: 850px) 100vw, 850px\" \/><\/a><\/p>\n<p><a href=\"https:\/\/josequintanilla.com\/wp-content\/uploads\/2016\/02\/02_bea_villamarin_201.jpg\"><img loading=\"lazy\" decoding=\"async\" class=\"aligncenter wp-image-566 size-full\" src=\"https:\/\/josequintanilla.com\/wp-content\/uploads\/2016\/02\/02_bea_villamarin_201.jpg\" alt=\"\" width=\"850\" height=\"815\" srcset=\"https:\/\/josequintanilla.com\/wp-content\/uploads\/2016\/02\/02_bea_villamarin_201.jpg 850w, https:\/\/josequintanilla.com\/wp-content\/uploads\/2016\/02\/02_bea_villamarin_201-300x288.jpg 300w, https:\/\/josequintanilla.com\/wp-content\/uploads\/2016\/02\/02_bea_villamarin_201-768x736.jpg 768w\" sizes=\"auto, (max-width: 850px) 100vw, 850px\" \/><\/a><\/p>\n<p><a href=\"https:\/\/josequintanilla.com\/wp-content\/uploads\/2016\/02\/03_bea_villamarin_201.jpg\"><img loading=\"lazy\" decoding=\"async\" class=\"aligncenter wp-image-569 size-full\" src=\"https:\/\/josequintanilla.com\/wp-content\/uploads\/2016\/02\/03_bea_villamarin_201.jpg\" alt=\"\" width=\"850\" height=\"405\" srcset=\"https:\/\/josequintanilla.com\/wp-content\/uploads\/2016\/02\/03_bea_villamarin_201.jpg 850w, https:\/\/josequintanilla.com\/wp-content\/uploads\/2016\/02\/03_bea_villamarin_201-300x143.jpg 300w, https:\/\/josequintanilla.com\/wp-content\/uploads\/2016\/02\/03_bea_villamarin_201-768x366.jpg 768w\" sizes=\"auto, (max-width: 850px) 100vw, 850px\" \/><\/a><\/p>\n<p>Ver cat\u00e1logo de la exposici\u00f3n en ISSUU<\/p>\n<p>Volver <a href=\"#arriba\">arriba<\/a><\/p>\n<p><a name=\"octavo\"><\/a><\/p>\n<h2 style=\"text-align: center;\"><strong>Feria Estampa, Matadero (Madrid ) &#8211; Galer\u00eda Espacio Foto<br \/>\n<\/strong><\/h2>\n<p style=\"text-align: center;\">Septiembre 2015<\/p>\n<p>La galer\u00eda <strong>Espacio Foto<\/strong> particip\u00f3 en la feria de arte contempor\u00e1neo ESTAMPA 2015, presentando obra en su stand de los fot\u00f3grafos <strong>Masao Yamamoto, Miguel Bergasa y Jos\u00e9 Quintanilla<\/strong>.<\/p>\n<p><a href=\"https:\/\/josequintanilla.com\/wp-content\/uploads\/2016\/02\/00_Estampa2015.jpg\"><img loading=\"lazy\" decoding=\"async\" class=\"aligncenter wp-image-619 size-full\" src=\"https:\/\/josequintanilla.com\/wp-content\/uploads\/2016\/02\/00_Estampa2015.jpg\" alt=\"\" width=\"850\" height=\"638\" srcset=\"https:\/\/josequintanilla.com\/wp-content\/uploads\/2016\/02\/00_Estampa2015.jpg 850w, https:\/\/josequintanilla.com\/wp-content\/uploads\/2016\/02\/00_Estampa2015-300x225.jpg 300w, https:\/\/josequintanilla.com\/wp-content\/uploads\/2016\/02\/00_Estampa2015-768x576.jpg 768w\" sizes=\"auto, (max-width: 850px) 100vw, 850px\" \/><\/a><\/p>\n<p><a href=\"https:\/\/josequintanilla.com\/wp-content\/uploads\/2016\/02\/01_Estampa2015.jpg\"><img loading=\"lazy\" decoding=\"async\" class=\"aligncenter wp-image-620 size-full\" src=\"https:\/\/josequintanilla.com\/wp-content\/uploads\/2016\/02\/01_Estampa2015.jpg\" alt=\"\" width=\"850\" height=\"638\" srcset=\"https:\/\/josequintanilla.com\/wp-content\/uploads\/2016\/02\/01_Estampa2015.jpg 850w, https:\/\/josequintanilla.com\/wp-content\/uploads\/2016\/02\/01_Estampa2015-300x225.jpg 300w, https:\/\/josequintanilla.com\/wp-content\/uploads\/2016\/02\/01_Estampa2015-768x576.jpg 768w\" sizes=\"auto, (max-width: 850px) 100vw, 850px\" \/><\/a><\/p>\n<p>Volver <a href=\"#arriba\">arriba<\/a><\/p>\n<p><a name=\"noveno\"><\/a><\/p>\n<h2 style=\"text-align: center;\"><strong>Centro de Artes Tom\u00e1s y Valiente, Fuenlabrada, Madrid<\/strong><\/h2>\n<p style=\"text-align: center;\">Mayo 2015<\/p>\n<p>Exposici\u00f3n individual de\u00a0la serie\u00a0<strong><em>\u00abMi casa, mi \u00e1rbol\u00bb\u00a0<\/em><\/strong>\u00a0en el CEART de Fuenlabrada.<\/p>\n<p><a href=\"https:\/\/josequintanilla.com\/wp-content\/uploads\/2016\/02\/00_fuenlabrada_2015.jpg\"><img loading=\"lazy\" decoding=\"async\" class=\"aligncenter wp-image-628 size-full\" src=\"https:\/\/josequintanilla.com\/wp-content\/uploads\/2016\/02\/00_fuenlabrada_2015.jpg\" alt=\"\" width=\"850\" height=\"419\" srcset=\"https:\/\/josequintanilla.com\/wp-content\/uploads\/2016\/02\/00_fuenlabrada_2015.jpg 850w, https:\/\/josequintanilla.com\/wp-content\/uploads\/2016\/02\/00_fuenlabrada_2015-300x148.jpg 300w, https:\/\/josequintanilla.com\/wp-content\/uploads\/2016\/02\/00_fuenlabrada_2015-768x379.jpg 768w\" sizes=\"auto, (max-width: 850px) 100vw, 850px\" \/><\/a><\/p>\n<p><a href=\"https:\/\/josequintanilla.com\/wp-content\/uploads\/2016\/02\/01_fuenlabrada_2015.jpg\"><img loading=\"lazy\" decoding=\"async\" class=\"aligncenter wp-image-630 size-full\" src=\"https:\/\/josequintanilla.com\/wp-content\/uploads\/2016\/02\/01_fuenlabrada_2015.jpg\" alt=\"\" width=\"850\" height=\"541\" srcset=\"https:\/\/josequintanilla.com\/wp-content\/uploads\/2016\/02\/01_fuenlabrada_2015.jpg 850w, https:\/\/josequintanilla.com\/wp-content\/uploads\/2016\/02\/01_fuenlabrada_2015-300x191.jpg 300w, https:\/\/josequintanilla.com\/wp-content\/uploads\/2016\/02\/01_fuenlabrada_2015-768x489.jpg 768w\" sizes=\"auto, (max-width: 850px) 100vw, 850px\" \/><\/a><\/p>\n<p><a href=\"https:\/\/josequintanilla.com\/wp-content\/uploads\/2016\/02\/02_fuenlabrada_2015.jpg\"><img loading=\"lazy\" decoding=\"async\" class=\"aligncenter wp-image-631 size-full\" src=\"https:\/\/josequintanilla.com\/wp-content\/uploads\/2016\/02\/02_fuenlabrada_2015.jpg\" alt=\"\" width=\"850\" height=\"638\" srcset=\"https:\/\/josequintanilla.com\/wp-content\/uploads\/2016\/02\/02_fuenlabrada_2015.jpg 850w, https:\/\/josequintanilla.com\/wp-content\/uploads\/2016\/02\/02_fuenlabrada_2015-300x225.jpg 300w, https:\/\/josequintanilla.com\/wp-content\/uploads\/2016\/02\/02_fuenlabrada_2015-768x576.jpg 768w\" sizes=\"auto, (max-width: 850px) 100vw, 850px\" \/><\/a><\/p>\n<p><a href=\"https:\/\/josequintanilla.com\/wp-content\/uploads\/2016\/02\/03_fuenlabrada_2015.jpg\"><img loading=\"lazy\" decoding=\"async\" class=\"aligncenter wp-image-632 size-full\" src=\"https:\/\/josequintanilla.com\/wp-content\/uploads\/2016\/02\/03_fuenlabrada_2015.jpg\" alt=\"\" width=\"850\" height=\"638\" srcset=\"https:\/\/josequintanilla.com\/wp-content\/uploads\/2016\/02\/03_fuenlabrada_2015.jpg 850w, https:\/\/josequintanilla.com\/wp-content\/uploads\/2016\/02\/03_fuenlabrada_2015-300x225.jpg 300w, https:\/\/josequintanilla.com\/wp-content\/uploads\/2016\/02\/03_fuenlabrada_2015-768x576.jpg 768w\" sizes=\"auto, (max-width: 850px) 100vw, 850px\" \/><\/a><\/p>\n<p>Volver <a href=\"#arriba\">arriba<\/a><\/p>\n<p><a name=\"decimo\"><\/a><\/p>\n<h2 style=\"text-align: center;\"><strong>Paisajes Posibles, Galer\u00eda Espacio Foto<\/strong><b>,\u00a0Madrid<\/b><\/h2>\n<p style=\"text-align: center;\">Abril &#8211; Mayo 2015<\/p>\n<p>Exposici\u00f3n colectiva donde se expone la serie\u00a0<strong><em>\u00abMi casa, mi \u00e1rbol\u00bb\u00a0<\/em><\/strong>\u00a0junto a los fot\u00f3grafos Agust\u00edn L\u00f3pez Bedoya <strong><em>\u00abSantuarios de silencio\u00bb\u00a0<\/em><\/strong>\u00a0y Jos\u00e9 Ram\u00f3n Cuervo Arango <strong><em>\u00abM\u00fasica de c\u00e1mara\u00bb\u00a0<\/em><\/strong>.<\/p>\n<p><a href=\"https:\/\/josequintanilla.com\/wp-content\/uploads\/2016\/02\/00_espacio_foto_2015.jpg\"><img loading=\"lazy\" decoding=\"async\" class=\"aligncenter wp-image-621 size-full\" src=\"https:\/\/josequintanilla.com\/wp-content\/uploads\/2016\/02\/00_espacio_foto_2015.jpg\" alt=\"\" width=\"850\" height=\"306\" srcset=\"https:\/\/josequintanilla.com\/wp-content\/uploads\/2016\/02\/00_espacio_foto_2015.jpg 850w, https:\/\/josequintanilla.com\/wp-content\/uploads\/2016\/02\/00_espacio_foto_2015-300x108.jpg 300w, https:\/\/josequintanilla.com\/wp-content\/uploads\/2016\/02\/00_espacio_foto_2015-768x276.jpg 768w\" sizes=\"auto, (max-width: 850px) 100vw, 850px\" \/><\/a><\/p>\n<p><a href=\"https:\/\/josequintanilla.com\/wp-content\/uploads\/2016\/02\/01_espacio_foto_2015.jpg\"><img loading=\"lazy\" decoding=\"async\" class=\"aligncenter wp-image-622 size-full\" src=\"https:\/\/josequintanilla.com\/wp-content\/uploads\/2016\/02\/01_espacio_foto_2015.jpg\" alt=\"\" width=\"850\" height=\"625\" srcset=\"https:\/\/josequintanilla.com\/wp-content\/uploads\/2016\/02\/01_espacio_foto_2015.jpg 850w, https:\/\/josequintanilla.com\/wp-content\/uploads\/2016\/02\/01_espacio_foto_2015-300x221.jpg 300w, https:\/\/josequintanilla.com\/wp-content\/uploads\/2016\/02\/01_espacio_foto_2015-768x565.jpg 768w\" sizes=\"auto, (max-width: 850px) 100vw, 850px\" \/><\/a><\/p>\n<p><a href=\"https:\/\/josequintanilla.com\/wp-content\/uploads\/2016\/02\/03_espacio_foto_2015-1.jpg\"><img loading=\"lazy\" decoding=\"async\" class=\"aligncenter wp-image-624 size-full\" src=\"https:\/\/josequintanilla.com\/wp-content\/uploads\/2016\/02\/03_espacio_foto_2015-1.jpg\" alt=\"\" width=\"850\" height=\"638\" srcset=\"https:\/\/josequintanilla.com\/wp-content\/uploads\/2016\/02\/03_espacio_foto_2015-1.jpg 850w, https:\/\/josequintanilla.com\/wp-content\/uploads\/2016\/02\/03_espacio_foto_2015-1-300x225.jpg 300w, https:\/\/josequintanilla.com\/wp-content\/uploads\/2016\/02\/03_espacio_foto_2015-1-768x576.jpg 768w\" sizes=\"auto, (max-width: 850px) 100vw, 850px\" \/><\/a><\/p>\n<p><a href=\"https:\/\/josequintanilla.com\/wp-content\/uploads\/2016\/02\/04_espacio_foto_2015.jpg\"><img loading=\"lazy\" decoding=\"async\" class=\"aligncenter wp-image-625 size-full\" src=\"https:\/\/josequintanilla.com\/wp-content\/uploads\/2016\/02\/04_espacio_foto_2015.jpg\" alt=\"\" width=\"850\" height=\"638\" srcset=\"https:\/\/josequintanilla.com\/wp-content\/uploads\/2016\/02\/04_espacio_foto_2015.jpg 850w, https:\/\/josequintanilla.com\/wp-content\/uploads\/2016\/02\/04_espacio_foto_2015-300x225.jpg 300w, https:\/\/josequintanilla.com\/wp-content\/uploads\/2016\/02\/04_espacio_foto_2015-768x576.jpg 768w\" sizes=\"auto, (max-width: 850px) 100vw, 850px\" \/><\/a><\/p>\n<p>Volver <a href=\"#arriba\">arriba<\/a><\/p>\n<p><a name=\"undecimo\"><\/a><\/p>\n<h2 style=\"text-align: center;\"><strong>Centro Cultural Villa de\u00a0<\/strong><b>M\u00f3stoles,\u00a0Madrid<\/b><\/h2>\n<p style=\"text-align: center;\">Octubre &#8211; Noviembre 2014<\/p>\n<p>Exposici\u00f3n individual que presenta por primera vez en p\u00fablico la serie\u00a0<strong><em>\u00abMi casa, mi \u00e1rbol\u00bb<\/em><\/strong>.<\/p>\n<p><a href=\"https:\/\/josequintanilla.com\/wp-content\/uploads\/2016\/02\/00mostoles_2014.jpg\"><img loading=\"lazy\" decoding=\"async\" class=\"aligncenter wp-image-575 size-full\" src=\"https:\/\/josequintanilla.com\/wp-content\/uploads\/2016\/02\/00mostoles_2014.jpg\" alt=\"\" width=\"850\" height=\"564\" srcset=\"https:\/\/josequintanilla.com\/wp-content\/uploads\/2016\/02\/00mostoles_2014.jpg 850w, https:\/\/josequintanilla.com\/wp-content\/uploads\/2016\/02\/00mostoles_2014-300x199.jpg 300w, https:\/\/josequintanilla.com\/wp-content\/uploads\/2016\/02\/00mostoles_2014-768x510.jpg 768w\" sizes=\"auto, (max-width: 850px) 100vw, 850px\" \/><\/a><\/p>\n<p><a href=\"https:\/\/josequintanilla.com\/wp-content\/uploads\/2016\/02\/01_mostoles_2014.jpg\"><img loading=\"lazy\" decoding=\"async\" class=\"aligncenter wp-image-576 size-full\" src=\"https:\/\/josequintanilla.com\/wp-content\/uploads\/2016\/02\/01_mostoles_2014.jpg\" alt=\"\" width=\"850\" height=\"632\" srcset=\"https:\/\/josequintanilla.com\/wp-content\/uploads\/2016\/02\/01_mostoles_2014.jpg 850w, https:\/\/josequintanilla.com\/wp-content\/uploads\/2016\/02\/01_mostoles_2014-300x223.jpg 300w, https:\/\/josequintanilla.com\/wp-content\/uploads\/2016\/02\/01_mostoles_2014-768x571.jpg 768w\" sizes=\"auto, (max-width: 850px) 100vw, 850px\" \/><\/a><\/p>\n<p><a href=\"https:\/\/josequintanilla.com\/wp-content\/uploads\/2016\/02\/02_mostoles_2014.jpg\"><img loading=\"lazy\" decoding=\"async\" class=\"aligncenter wp-image-577 size-full\" src=\"https:\/\/josequintanilla.com\/wp-content\/uploads\/2016\/02\/02_mostoles_2014.jpg\" alt=\"\" width=\"850\" height=\"422\" srcset=\"https:\/\/josequintanilla.com\/wp-content\/uploads\/2016\/02\/02_mostoles_2014.jpg 850w, https:\/\/josequintanilla.com\/wp-content\/uploads\/2016\/02\/02_mostoles_2014-300x149.jpg 300w, https:\/\/josequintanilla.com\/wp-content\/uploads\/2016\/02\/02_mostoles_2014-768x381.jpg 768w\" sizes=\"auto, (max-width: 850px) 100vw, 850px\" \/><\/a><\/p>\n<p>Volver <a href=\"#arriba\">arriba<\/a><\/p>\n<p><span style=\"border-top-left-radius: 2px; border-top-right-radius: 2px; border-bottom-right-radius: 2px; border-bottom-left-radius: 2px; text-indent: 20px; width: auto; padding: 0px 4px 0px 0px; text-align: center; font-style: normal; font-variant-caps: normal; font-weight: bold; font-size: 11px; line-height: 20px; font-family: 'Helvetica Neue', Helvetica, sans-serif; color: #ffffff; background-image: url(data:image\/svg+xml; base64,phn2zyb4bwxucz0iahr0cdovl3d3dy53my5vcmcvmjawmc9zdmciighlawdodd0imzbwecigd2lkdgg9ijmwchgiihzpzxdcb3g9ii0xic0xidmxidmxij48zz48cgf0acbkpsjnmjkundq5lde0ljy2mibdmjkundq5ldiyljcymiaymi44njgsmjkumju2ide0ljc1ldi5lji1nibdni42mzismjkumju2idaumduxldiyljcymiawlja1mswxnc42njigqzaumduxldyunjaxidyunjmyldaumdy3ide0ljc1ldaumdy3iemymi44njgsmc4wnjcgmjkundq5ldyunjaxidi5ljq0oswxnc42njiiigzpbgw9iinmzmyiihn0cm9rzt0ii2zmziigc3ryb2tllxdpzhropsixij48l3bhdgg+phbhdgggzd0itte0ljczmywxljy4nibdny41mtysms42odygms42njusny40otugms42njusmtqunjyyiemxljy2nswymc4xntkgns4xmdksmjquodu0idkuotcsmjyunzq0iem5ljg1niwyns43mtggos43ntmsmjqumtqzidewljaxniwymy4wmjigqzewlji1mywymi4wmsaxms41ndgsmtyuntcyidexlju0ocwxni41nzigqzexlju0ocwxni41nzigmteumtu3lde1ljc5nsaxms4xntcsmtqunjq2iemxms4xntcsmtiuodqyideyljixmswxms40otugmtmuntiyldexljq5nsbdmtqunjm3ldexljq5nsaxns4xnzusmtiumzi2ide1lje3nswxmy4zmjmgqze1lje3nswxnc40mzygmtqundyylde2ljegmtqumdkzlde3ljy0mybdmtmunzg1lde4ljkznsaxnc43ndusmtkuotg4ide2ljayocwxos45odggqze4ljm1mswxos45odggmjaumtm2lde3lju1niaymc4xmzysmtqumdq2iemymc4xmzysmtauotm5ide3ljg4ocw4ljc2nyaxnc42nzgsoc43njcgqzewljk1osw4ljc2nya4ljc3nywxms41mzygoc43nzcsmtqumzk4iem4ljc3nywxns41mtmgos4ymswxni43mdkgos43ndksmtcumzu5iem5ljg1niwxny40odggos44nzismtcunia5ljg0lde3ljczmsbdos43ndesmtgumtqxidkuntismtkumdizidkundc3lde5ljiwmybdos40miwxos40nca5lji4ocwxos40otegos4wncwxos4znzygqzcunda4lde4ljyymia2ljm4nywxni4yntigni4zodcsmtqumzq5iem2ljm4nywxmc4yntygos4zodmsni40otcgmtuumdiyldyundk3iemxos41ntusni40otcgmjmumdc4ldkunza1idizlja3ocwxmy45otegqzizlja3ocwxoc40njmgmjaumjm5ldiylja2miaxni4yotcsmjiumdyyiemxnc45nzmsmjiumdyyidezljcyocwyms4znzkgmtmumzayldiwlju3mibdmtmumzayldiwlju3miaxmi42ndcsmjmumdugmtiundg4ldizljy1nybdmtiumtkzldi0ljc4ncaxms4zotysmjyumtk2idewljg2mywyny4wntggqzeylja4niwyny40mzqgmtmumzg2ldi3ljyznyaxnc43mzmsmjcunjm3iemyms45nswyny42mzcgmjcuodaxldixljgyocayny44mdesmtqunjyyiemyny44mdesny40otugmjeuotusms42odygmtqunzmzldeunjg2iibmawxspsijymqwodfjij48l3bhdgg+pc9npjwvc3znpg==); background-size: 14px 14px; background-color: #bd081c; position: absolute; opacity: 1; z-index: 8675309; display: none; cursor: pointer; border: none; -webkit-font-smoothing: antialiased; top: 196px; left: 275px; background-position: 3px 50%; background-repeat: no-repeat no-repeat;\">Guardar<\/span><span style=\"border-top-left-radius: 2px; border-top-right-radius: 2px; border-bottom-right-radius: 2px; border-bottom-left-radius: 2px; text-indent: 20px; width: auto; padding: 0px 4px 0px 0px; text-align: center; font-style: normal; font-variant-caps: normal; font-weight: bold; font-size: 11px; line-height: 20px; font-family: 'Helvetica Neue', Helvetica, sans-serif; color: #ffffff; background-image: url(data:image\/svg+xml; base64,phn2zyb4bwxucz0iahr0cdovl3d3dy53my5vcmcvmjawmc9zdmciighlawdodd0imzbwecigd2lkdgg9ijmwchgiihzpzxdcb3g9ii0xic0xidmxidmxij48zz48cgf0acbkpsjnmjkundq5lde0ljy2mibdmjkundq5ldiyljcymiaymi44njgsmjkumju2ide0ljc1ldi5lji1nibdni42mzismjkumju2idaumduxldiyljcymiawlja1mswxnc42njigqzaumduxldyunjaxidyunjmyldaumdy3ide0ljc1ldaumdy3iemymi44njgsmc4wnjcgmjkundq5ldyunjaxidi5ljq0oswxnc42njiiigzpbgw9iinmzmyiihn0cm9rzt0ii2zmziigc3ryb2tllxdpzhropsixij48l3bhdgg+phbhdgggzd0itte0ljczmywxljy4nibdny41mtysms42odygms42njusny40otugms42njusmtqunjyyiemxljy2nswymc4xntkgns4xmdksmjquodu0idkuotcsmjyunzq0iem5ljg1niwyns43mtggos43ntmsmjqumtqzidewljaxniwymy4wmjigqzewlji1mywymi4wmsaxms41ndgsmtyuntcyidexlju0ocwxni41nzigqzexlju0ocwxni41nzigmteumtu3lde1ljc5nsaxms4xntcsmtqunjq2iemxms4xntcsmtiuodqyideyljixmswxms40otugmtmuntiyldexljq5nsbdmtqunjm3ldexljq5nsaxns4xnzusmtiumzi2ide1lje3nswxmy4zmjmgqze1lje3nswxnc40mzygmtqundyylde2ljegmtqumdkzlde3ljy0mybdmtmunzg1lde4ljkznsaxnc43ndusmtkuotg4ide2ljayocwxos45odggqze4ljm1mswxos45odggmjaumtm2lde3lju1niaymc4xmzysmtqumdq2iemymc4xmzysmtauotm5ide3ljg4ocw4ljc2nyaxnc42nzgsoc43njcgqzewljk1osw4ljc2nya4ljc3nywxms41mzygoc43nzcsmtqumzk4iem4ljc3nywxns41mtmgos4ymswxni43mdkgos43ndksmtcumzu5iem5ljg1niwxny40odggos44nzismtcunia5ljg0lde3ljczmsbdos43ndesmtgumtqxidkuntismtkumdizidkundc3lde5ljiwmybdos40miwxos40nca5lji4ocwxos40otegos4wncwxos4znzygqzcunda4lde4ljyymia2ljm4nywxni4yntigni4zodcsmtqumzq5iem2ljm4nywxmc4yntygos4zodmsni40otcgmtuumdiyldyundk3iemxos41ntusni40otcgmjmumdc4ldkunza1idizlja3ocwxmy45otegqzizlja3ocwxoc40njmgmjaumjm5ldiylja2miaxni4yotcsmjiumdyyiemxnc45nzmsmjiumdyyidezljcyocwyms4znzkgmtmumzayldiwlju3mibdmtmumzayldiwlju3miaxmi42ndcsmjmumdugmtiundg4ldizljy1nybdmtiumtkzldi0ljc4ncaxms4zotysmjyumtk2idewljg2mywyny4wntggqzeylja4niwyny40mzqgmtmumzg2ldi3ljyznyaxnc43mzmsmjcunjm3iemyms45nswyny42mzcgmjcuodaxldixljgyocayny44mdesmtqunjyyiemyny44mdesny40otugmjeuotusms42odygmtqunzmzldeunjg2iibmawxspsijymqwodfjij48l3bhdgg+pc9npjwvc3znpg==); background-size: 14px 14px; background-color: #bd081c; position: absolute; opacity: 1; z-index: 8675309; display: none; cursor: pointer; border: none; -webkit-font-smoothing: antialiased; top: 196px; left: 275px; background-position: 3px 50%; background-repeat: no-repeat no-repeat;\">Guardar<\/span><\/p>\n<p><span style=\"border-top-left-radius: 2px; border-top-right-radius: 2px; border-bottom-right-radius: 2px; border-bottom-left-radius: 2px; text-indent: 20px; width: auto; padding: 0px 4px 0px 0px; text-align: center; font-style: normal; font-variant-caps: normal; font-weight: bold; font-size: 11px; line-height: 20px; font-family: 'Helvetica Neue', Helvetica, sans-serif; color: #ffffff; background-image: url(data:image\/svg+xml; base64,phn2zyb4bwxucz0iahr0cdovl3d3dy53my5vcmcvmjawmc9zdmciighlawdodd0imzbwecigd2lkdgg9ijmwchgiihzpzxdcb3g9ii0xic0xidmxidmxij48zz48cgf0acbkpsjnmjkundq5lde0ljy2mibdmjkundq5ldiyljcymiaymi44njgsmjkumju2ide0ljc1ldi5lji1nibdni42mzismjkumju2idaumduxldiyljcymiawlja1mswxnc42njigqzaumduxldyunjaxidyunjmyldaumdy3ide0ljc1ldaumdy3iemymi44njgsmc4wnjcgmjkundq5ldyunjaxidi5ljq0oswxnc42njiiigzpbgw9iinmzmyiihn0cm9rzt0ii2zmziigc3ryb2tllxdpzhropsixij48l3bhdgg+phbhdgggzd0itte0ljczmywxljy4nibdny41mtysms42odygms42njusny40otugms42njusmtqunjyyiemxljy2nswymc4xntkgns4xmdksmjquodu0idkuotcsmjyunzq0iem5ljg1niwyns43mtggos43ntmsmjqumtqzidewljaxniwymy4wmjigqzewlji1mywymi4wmsaxms41ndgsmtyuntcyidexlju0ocwxni41nzigqzexlju0ocwxni41nzigmteumtu3lde1ljc5nsaxms4xntcsmtqunjq2iemxms4xntcsmtiuodqyideyljixmswxms40otugmtmuntiyldexljq5nsbdmtqunjm3ldexljq5nsaxns4xnzusmtiumzi2ide1lje3nswxmy4zmjmgqze1lje3nswxnc40mzygmtqundyylde2ljegmtqumdkzlde3ljy0mybdmtmunzg1lde4ljkznsaxnc43ndusmtkuotg4ide2ljayocwxos45odggqze4ljm1mswxos45odggmjaumtm2lde3lju1niaymc4xmzysmtqumdq2iemymc4xmzysmtauotm5ide3ljg4ocw4ljc2nyaxnc42nzgsoc43njcgqzewljk1osw4ljc2nya4ljc3nywxms41mzygoc43nzcsmtqumzk4iem4ljc3nywxns41mtmgos4ymswxni43mdkgos43ndksmtcumzu5iem5ljg1niwxny40odggos44nzismtcunia5ljg0lde3ljczmsbdos43ndesmtgumtqxidkuntismtkumdizidkundc3lde5ljiwmybdos40miwxos40nca5lji4ocwxos40otegos4wncwxos4znzygqzcunda4lde4ljyymia2ljm4nywxni4yntigni4zodcsmtqumzq5iem2ljm4nywxmc4yntygos4zodmsni40otcgmtuumdiyldyundk3iemxos41ntusni40otcgmjmumdc4ldkunza1idizlja3ocwxmy45otegqzizlja3ocwxoc40njmgmjaumjm5ldiylja2miaxni4yotcsmjiumdyyiemxnc45nzmsmjiumdyyidezljcyocwyms4znzkgmtmumzayldiwlju3mibdmtmumzayldiwlju3miaxmi42ndcsmjmumdugmtiundg4ldizljy1nybdmtiumtkzldi0ljc4ncaxms4zotysmjyumtk2idewljg2mywyny4wntggqzeylja4niwyny40mzqgmtmumzg2ldi3ljyznyaxnc43mzmsmjcunjm3iemyms45nswyny42mzcgmjcuodaxldixljgyocayny44mdesmtqunjyyiemyny44mdesny40otugmjeuotusms42odygmtqunzmzldeunjg2iibmawxspsijymqwodfjij48l3bhdgg+pc9npjwvc3znpg==); background-size: 14px 14px; background-color: #bd081c; position: absolute; opacity: 1; z-index: 8675309; display: none; cursor: pointer; border: none; -webkit-font-smoothing: antialiased; top: 196px; left: 20px; background-position: 3px 50%; background-repeat: no-repeat no-repeat;\">Guardar<\/span><span style=\"border-top-left-radius: 2px; border-top-right-radius: 2px; border-bottom-right-radius: 2px; border-bottom-left-radius: 2px; text-indent: 20px; width: auto; padding: 0px 4px 0px 0px; text-align: center; font-style: normal; font-variant-caps: normal; font-weight: bold; font-size: 11px; line-height: 20px; font-family: 'Helvetica Neue', Helvetica, sans-serif; color: #ffffff; background-image: url(data:image\/svg+xml; base64,phn2zyb4bwxucz0iahr0cdovl3d3dy53my5vcmcvmjawmc9zdmciighlawdodd0imzbwecigd2lkdgg9ijmwchgiihzpzxdcb3g9ii0xic0xidmxidmxij48zz48cgf0acbkpsjnmjkundq5lde0ljy2mibdmjkundq5ldiyljcymiaymi44njgsmjkumju2ide0ljc1ldi5lji1nibdni42mzismjkumju2idaumduxldiyljcymiawlja1mswxnc42njigqzaumduxldyunjaxidyunjmyldaumdy3ide0ljc1ldaumdy3iemymi44njgsmc4wnjcgmjkundq5ldyunjaxidi5ljq0oswxnc42njiiigzpbgw9iinmzmyiihn0cm9rzt0ii2zmziigc3ryb2tllxdpzhropsixij48l3bhdgg+phbhdgggzd0itte0ljczmywxljy4nibdny41mtysms42odygms42njusny40otugms42njusmtqunjyyiemxljy2nswymc4xntkgns4xmdksmjquodu0idkuotcsmjyunzq0iem5ljg1niwyns43mtggos43ntmsmjqumtqzidewljaxniwymy4wmjigqzewlji1mywymi4wmsaxms41ndgsmtyuntcyidexlju0ocwxni41nzigqzexlju0ocwxni41nzigmteumtu3lde1ljc5nsaxms4xntcsmtqunjq2iemxms4xntcsmtiuodqyideyljixmswxms40otugmtmuntiyldexljq5nsbdmtqunjm3ldexljq5nsaxns4xnzusmtiumzi2ide1lje3nswxmy4zmjmgqze1lje3nswxnc40mzygmtqundyylde2ljegmtqumdkzlde3ljy0mybdmtmunzg1lde4ljkznsaxnc43ndusmtkuotg4ide2ljayocwxos45odggqze4ljm1mswxos45odggmjaumtm2lde3lju1niaymc4xmzysmtqumdq2iemymc4xmzysmtauotm5ide3ljg4ocw4ljc2nyaxnc42nzgsoc43njcgqzewljk1osw4ljc2nya4ljc3nywxms41mzygoc43nzcsmtqumzk4iem4ljc3nywxns41mtmgos4ymswxni43mdkgos43ndksmtcumzu5iem5ljg1niwxny40odggos44nzismtcunia5ljg0lde3ljczmsbdos43ndesmtgumtqxidkuntismtkumdizidkundc3lde5ljiwmybdos40miwxos40nca5lji4ocwxos40otegos4wncwxos4znzygqzcunda4lde4ljyymia2ljm4nywxni4yntigni4zodcsmtqumzq5iem2ljm4nywxmc4yntygos4zodmsni40otcgmtuumdiyldyundk3iemxos41ntusni40otcgmjmumdc4ldkunza1idizlja3ocwxmy45otegqzizlja3ocwxoc40njmgmjaumjm5ldiylja2miaxni4yotcsmjiumdyyiemxnc45nzmsmjiumdyyidezljcyocwyms4znzkgmtmumzayldiwlju3mibdmtmumzayldiwlju3miaxmi42ndcsmjmumdugmtiundg4ldizljy1nybdmtiumtkzldi0ljc4ncaxms4zotysmjyumtk2idewljg2mywyny4wntggqzeylja4niwyny40mzqgmtmumzg2ldi3ljyznyaxnc43mzmsmjcunjm3iemyms45nswyny42mzcgmjcuodaxldixljgyocayny44mdesmtqunjyyiemyny44mdesny40otugmjeuotusms42odygmtqunzmzldeunjg2iibmawxspsijymqwodfjij48l3bhdgg+pc9npjwvc3znpg==); background-size: 14px 14px; background-color: #bd081c; position: absolute; opacity: 1; z-index: 8675309; display: none; cursor: pointer; border: none; -webkit-font-smoothing: antialiased; top: 196px; left: 20px; background-position: 3px 50%; background-repeat: no-repeat no-repeat;\">Guardar<\/span><\/p>\n<p><span style=\"border-top-left-radius: 2px; border-top-right-radius: 2px; border-bottom-right-radius: 2px; border-bottom-left-radius: 2px; text-indent: 20px; width: auto; padding: 0px 4px 0px 0px; text-align: center; font-style: normal; font-variant-caps: normal; font-weight: bold; font-size: 11px; line-height: 20px; font-family: 'Helvetica Neue', Helvetica, sans-serif; color: #ffffff; background-image: url(data:image\/svg+xml; base64,phn2zyb4bwxucz0iahr0cdovl3d3dy53my5vcmcvmjawmc9zdmciighlawdodd0imzbwecigd2lkdgg9ijmwchgiihzpzxdcb3g9ii0xic0xidmxidmxij48zz48cgf0acbkpsjnmjkundq5lde0ljy2mibdmjkundq5ldiyljcymiaymi44njgsmjkumju2ide0ljc1ldi5lji1nibdni42mzismjkumju2idaumduxldiyljcymiawlja1mswxnc42njigqzaumduxldyunjaxidyunjmyldaumdy3ide0ljc1ldaumdy3iemymi44njgsmc4wnjcgmjkundq5ldyunjaxidi5ljq0oswxnc42njiiigzpbgw9iinmzmyiihn0cm9rzt0ii2zmziigc3ryb2tllxdpzhropsixij48l3bhdgg+phbhdgggzd0itte0ljczmywxljy4nibdny41mtysms42odygms42njusny40otugms42njusmtqunjyyiemxljy2nswymc4xntkgns4xmdksmjquodu0idkuotcsmjyunzq0iem5ljg1niwyns43mtggos43ntmsmjqumtqzidewljaxniwymy4wmjigqzewlji1mywymi4wmsaxms41ndgsmtyuntcyidexlju0ocwxni41nzigqzexlju0ocwxni41nzigmteumtu3lde1ljc5nsaxms4xntcsmtqunjq2iemxms4xntcsmtiuodqyideyljixmswxms40otugmtmuntiyldexljq5nsbdmtqunjm3ldexljq5nsaxns4xnzusmtiumzi2ide1lje3nswxmy4zmjmgqze1lje3nswxnc40mzygmtqundyylde2ljegmtqumdkzlde3ljy0mybdmtmunzg1lde4ljkznsaxnc43ndusmtkuotg4ide2ljayocwxos45odggqze4ljm1mswxos45odggmjaumtm2lde3lju1niaymc4xmzysmtqumdq2iemymc4xmzysmtauotm5ide3ljg4ocw4ljc2nyaxnc42nzgsoc43njcgqzewljk1osw4ljc2nya4ljc3nywxms41mzygoc43nzcsmtqumzk4iem4ljc3nywxns41mtmgos4ymswxni43mdkgos43ndksmtcumzu5iem5ljg1niwxny40odggos44nzismtcunia5ljg0lde3ljczmsbdos43ndesmtgumtqxidkuntismtkumdizidkundc3lde5ljiwmybdos40miwxos40nca5lji4ocwxos40otegos4wncwxos4znzygqzcunda4lde4ljyymia2ljm4nywxni4yntigni4zodcsmtqumzq5iem2ljm4nywxmc4yntygos4zodmsni40otcgmtuumdiyldyundk3iemxos41ntusni40otcgmjmumdc4ldkunza1idizlja3ocwxmy45otegqzizlja3ocwxoc40njmgmjaumjm5ldiylja2miaxni4yotcsmjiumdyyiemxnc45nzmsmjiumdyyidezljcyocwyms4znzkgmtmumzayldiwlju3mibdmtmumzayldiwlju3miaxmi42ndcsmjmumdugmtiundg4ldizljy1nybdmtiumtkzldi0ljc4ncaxms4zotysmjyumtk2idewljg2mywyny4wntggqzeylja4niwyny40mzqgmtmumzg2ldi3ljyznyaxnc43mzmsmjcunjm3iemyms45nswyny42mzcgmjcuodaxldixljgyocayny44mdesmtqunjyyiemyny44mdesny40otugmjeuotusms42odygmtqunzmzldeunjg2iibmawxspsijymqwodfjij48l3bhdgg+pc9npjwvc3znpg==); background-size: 14px 14px; background-color: #bd081c; position: absolute; opacity: 1; z-index: 8675309; display: none; cursor: pointer; border: none; -webkit-font-smoothing: antialiased; background-position: 3px 50%; background-repeat: no-repeat no-repeat;\">Guardar<\/span><span style=\"border-top-left-radius: 2px; border-top-right-radius: 2px; border-bottom-right-radius: 2px; border-bottom-left-radius: 2px; text-indent: 20px; width: auto; padding: 0px 4px 0px 0px; text-align: center; font-style: normal; font-variant-caps: normal; font-weight: bold; font-size: 11px; line-height: 20px; font-family: 'Helvetica Neue', Helvetica, sans-serif; color: #ffffff; background-image: url(data:image\/svg+xml; base64,phn2zyb4bwxucz0iahr0cdovl3d3dy53my5vcmcvmjawmc9zdmciighlawdodd0imzbwecigd2lkdgg9ijmwchgiihzpzxdcb3g9ii0xic0xidmxidmxij48zz48cgf0acbkpsjnmjkundq5lde0ljy2mibdmjkundq5ldiyljcymiaymi44njgsmjkumju2ide0ljc1ldi5lji1nibdni42mzismjkumju2idaumduxldiyljcymiawlja1mswxnc42njigqzaumduxldyunjaxidyunjmyldaumdy3ide0ljc1ldaumdy3iemymi44njgsmc4wnjcgmjkundq5ldyunjaxidi5ljq0oswxnc42njiiigzpbgw9iinmzmyiihn0cm9rzt0ii2zmziigc3ryb2tllxdpzhropsixij48l3bhdgg+phbhdgggzd0itte0ljczmywxljy4nibdny41mtysms42odygms42njusny40otugms42njusmtqunjyyiemxljy2nswymc4xntkgns4xmdksmjquodu0idkuotcsmjyunzq0iem5ljg1niwyns43mtggos43ntmsmjqumtqzidewljaxniwymy4wmjigqzewlji1mywymi4wmsaxms41ndgsmtyuntcyidexlju0ocwxni41nzigqzexlju0ocwxni41nzigmteumtu3lde1ljc5nsaxms4xntcsmtqunjq2iemxms4xntcsmtiuodqyideyljixmswxms40otugmtmuntiyldexljq5nsbdmtqunjm3ldexljq5nsaxns4xnzusmtiumzi2ide1lje3nswxmy4zmjmgqze1lje3nswxnc40mzygmtqundyylde2ljegmtqumdkzlde3ljy0mybdmtmunzg1lde4ljkznsaxnc43ndusmtkuotg4ide2ljayocwxos45odggqze4ljm1mswxos45odggmjaumtm2lde3lju1niaymc4xmzysmtqumdq2iemymc4xmzysmtauotm5ide3ljg4ocw4ljc2nyaxnc42nzgsoc43njcgqzewljk1osw4ljc2nya4ljc3nywxms41mzygoc43nzcsmtqumzk4iem4ljc3nywxns41mtmgos4ymswxni43mdkgos43ndksmtcumzu5iem5ljg1niwxny40odggos44nzismtcunia5ljg0lde3ljczmsbdos43ndesmtgumtqxidkuntismtkumdizidkundc3lde5ljiwmybdos40miwxos40nca5lji4ocwxos40otegos4wncwxos4znzygqzcunda4lde4ljyymia2ljm4nywxni4yntigni4zodcsmtqumzq5iem2ljm4nywxmc4yntygos4zodmsni40otcgmtuumdiyldyundk3iemxos41ntusni40otcgmjmumdc4ldkunza1idizlja3ocwxmy45otegqzizlja3ocwxoc40njmgmjaumjm5ldiylja2miaxni4yotcsmjiumdyyiemxnc45nzmsmjiumdyyidezljcyocwyms4znzkgmtmumzayldiwlju3mibdmtmumzayldiwlju3miaxmi42ndcsmjmumdugmtiundg4ldizljy1nybdmtiumtkzldi0ljc4ncaxms4zotysmjyumtk2idewljg2mywyny4wntggqzeylja4niwyny40mzqgmtmumzg2ldi3ljyznyaxnc43mzmsmjcunjm3iemyms45nswyny42mzcgmjcuodaxldixljgyocayny44mdesmtqunjyyiemyny44mdesny40otugmjeuotusms42odygmtqunzmzldeunjg2iibmawxspsijymqwodfjij48l3bhdgg+pc9npjwvc3znpg==); background-size: 14px 14px; background-color: #bd081c; position: absolute; opacity: 1; z-index: 8675309; display: none; cursor: pointer; border: none; -webkit-font-smoothing: antialiased; background-position: 3px 50%; background-repeat: no-repeat no-repeat;\">Guardar<\/span><\/p>\n<p><span style=\"border-top-left-radius: 2px; border-top-right-radius: 2px; border-bottom-right-radius: 2px; border-bottom-left-radius: 2px; text-indent: 20px; width: auto; padding: 0px 4px 0px 0px; text-align: center; font-style: normal; font-variant-caps: normal; font-weight: bold; font-stretch: normal; font-size: 11px; line-height: 20px; font-family: 'Helvetica Neue', Helvetica, sans-serif; color: #ffffff; background-image: url(data:image\/svg+xml; base64,phn2zyb4bwxucz0iahr0cdovl3d3dy53my5vcmcvmjawmc9zdmciighlawdodd0imzbwecigd2lkdgg9ijmwchgiihzpzxdcb3g9ii0xic0xidmxidmxij48zz48cgf0acbkpsjnmjkundq5lde0ljy2mibdmjkundq5ldiyljcymiaymi44njgsmjkumju2ide0ljc1ldi5lji1nibdni42mzismjkumju2idaumduxldiyljcymiawlja1mswxnc42njigqzaumduxldyunjaxidyunjmyldaumdy3ide0ljc1ldaumdy3iemymi44njgsmc4wnjcgmjkundq5ldyunjaxidi5ljq0oswxnc42njiiigzpbgw9iinmzmyiihn0cm9rzt0ii2zmziigc3ryb2tllxdpzhropsixij48l3bhdgg+phbhdgggzd0itte0ljczmywxljy4nibdny41mtysms42odygms42njusny40otugms42njusmtqunjyyiemxljy2nswymc4xntkgns4xmdksmjquodu0idkuotcsmjyunzq0iem5ljg1niwyns43mtggos43ntmsmjqumtqzidewljaxniwymy4wmjigqzewlji1mywymi4wmsaxms41ndgsmtyuntcyidexlju0ocwxni41nzigqzexlju0ocwxni41nzigmteumtu3lde1ljc5nsaxms4xntcsmtqunjq2iemxms4xntcsmtiuodqyideyljixmswxms40otugmtmuntiyldexljq5nsbdmtqunjm3ldexljq5nsaxns4xnzusmtiumzi2ide1lje3nswxmy4zmjmgqze1lje3nswxnc40mzygmtqundyylde2ljegmtqumdkzlde3ljy0mybdmtmunzg1lde4ljkznsaxnc43ndusmtkuotg4ide2ljayocwxos45odggqze4ljm1mswxos45odggmjaumtm2lde3lju1niaymc4xmzysmtqumdq2iemymc4xmzysmtauotm5ide3ljg4ocw4ljc2nyaxnc42nzgsoc43njcgqzewljk1osw4ljc2nya4ljc3nywxms41mzygoc43nzcsmtqumzk4iem4ljc3nywxns41mtmgos4ymswxni43mdkgos43ndksmtcumzu5iem5ljg1niwxny40odggos44nzismtcunia5ljg0lde3ljczmsbdos43ndesmtgumtqxidkuntismtkumdizidkundc3lde5ljiwmybdos40miwxos40nca5lji4ocwxos40otegos4wncwxos4znzygqzcunda4lde4ljyymia2ljm4nywxni4yntigni4zodcsmtqumzq5iem2ljm4nywxmc4yntygos4zodmsni40otcgmtuumdiyldyundk3iemxos41ntusni40otcgmjmumdc4ldkunza1idizlja3ocwxmy45otegqzizlja3ocwxoc40njmgmjaumjm5ldiylja2miaxni4yotcsmjiumdyyiemxnc45nzmsmjiumdyyidezljcyocwyms4znzkgmtmumzayldiwlju3mibdmtmumzayldiwlju3miaxmi42ndcsmjmumdugmtiundg4ldizljy1nybdmtiumtkzldi0ljc4ncaxms4zotysmjyumtk2idewljg2mywyny4wntggqzeylja4niwyny40mzqgmtmumzg2ldi3ljyznyaxnc43mzmsmjcunjm3iemyms45nswyny42mzcgmjcuodaxldixljgyocayny44mdesmtqunjyyiemyny44mdesny40otugmjeuotusms42odygmtqunzmzldeunjg2iibmawxspsijymqwodfjij48l3bhdgg+pc9npjwvc3znpg==); background-size: 14px 14px; background-color: #bd081c; position: absolute; opacity: 1; z-index: 8675309; display: none; cursor: pointer; border: none; -webkit-font-smoothing: antialiased; background-position: 3px 50%; background-repeat: no-repeat no-repeat;\">Guardar<\/span><span style=\"border-top-left-radius: 2px; border-top-right-radius: 2px; border-bottom-right-radius: 2px; border-bottom-left-radius: 2px; text-indent: 20px; width: auto; padding: 0px 4px 0px 0px; text-align: center; font-style: normal; font-variant-caps: normal; font-weight: bold; font-stretch: normal; font-size: 11px; line-height: 20px; font-family: 'Helvetica Neue', Helvetica, sans-serif; color: #ffffff; background-image: url(data:image\/svg+xml; base64,phn2zyb4bwxucz0iahr0cdovl3d3dy53my5vcmcvmjawmc9zdmciighlawdodd0imzbwecigd2lkdgg9ijmwchgiihzpzxdcb3g9ii0xic0xidmxidmxij48zz48cgf0acbkpsjnmjkundq5lde0ljy2mibdmjkundq5ldiyljcymiaymi44njgsmjkumju2ide0ljc1ldi5lji1nibdni42mzismjkumju2idaumduxldiyljcymiawlja1mswxnc42njigqzaumduxldyunjaxidyunjmyldaumdy3ide0ljc1ldaumdy3iemymi44njgsmc4wnjcgmjkundq5ldyunjaxidi5ljq0oswxnc42njiiigzpbgw9iinmzmyiihn0cm9rzt0ii2zmziigc3ryb2tllxdpzhropsixij48l3bhdgg+phbhdgggzd0itte0ljczmywxljy4nibdny41mtysms42odygms42njusny40otugms42njusmtqunjyyiemxljy2nswymc4xntkgns4xmdksmjquodu0idkuotcsmjyunzq0iem5ljg1niwyns43mtggos43ntmsmjqumtqzidewljaxniwymy4wmjigqzewlji1mywymi4wmsaxms41ndgsmtyuntcyidexlju0ocwxni41nzigqzexlju0ocwxni41nzigmteumtu3lde1ljc5nsaxms4xntcsmtqunjq2iemxms4xntcsmtiuodqyideyljixmswxms40otugmtmuntiyldexljq5nsbdmtqunjm3ldexljq5nsaxns4xnzusmtiumzi2ide1lje3nswxmy4zmjmgqze1lje3nswxnc40mzygmtqundyylde2ljegmtqumdkzlde3ljy0mybdmtmunzg1lde4ljkznsaxnc43ndusmtkuotg4ide2ljayocwxos45odggqze4ljm1mswxos45odggmjaumtm2lde3lju1niaymc4xmzysmtqumdq2iemymc4xmzysmtauotm5ide3ljg4ocw4ljc2nyaxnc42nzgsoc43njcgqzewljk1osw4ljc2nya4ljc3nywxms41mzygoc43nzcsmtqumzk4iem4ljc3nywxns41mtmgos4ymswxni43mdkgos43ndksmtcumzu5iem5ljg1niwxny40odggos44nzismtcunia5ljg0lde3ljczmsbdos43ndesmtgumtqxidkuntismtkumdizidkundc3lde5ljiwmybdos40miwxos40nca5lji4ocwxos40otegos4wncwxos4znzygqzcunda4lde4ljyymia2ljm4nywxni4yntigni4zodcsmtqumzq5iem2ljm4nywxmc4yntygos4zodmsni40otcgmtuumdiyldyundk3iemxos41ntusni40otcgmjmumdc4ldkunza1idizlja3ocwxmy45otegqzizlja3ocwxoc40njmgmjaumjm5ldiylja2miaxni4yotcsmjiumdyyiemxnc45nzmsmjiumdyyidezljcyocwyms4znzkgmtmumzayldiwlju3mibdmtmumzayldiwlju3miaxmi42ndcsmjmumdugmtiundg4ldizljy1nybdmtiumtkzldi0ljc4ncaxms4zotysmjyumtk2idewljg2mywyny4wntggqzeylja4niwyny40mzqgmtmumzg2ldi3ljyznyaxnc43mzmsmjcunjm3iemyms45nswyny42mzcgmjcuodaxldixljgyocayny44mdesmtqunjyyiemyny44mdesny40otugmjeuotusms42odygmtqunzmzldeunjg2iibmawxspsijymqwodfjij48l3bhdgg+pc9npjwvc3znpg==); background-size: 14px 14px; background-color: #bd081c; position: absolute; opacity: 1; z-index: 8675309; display: none; cursor: pointer; border: none; -webkit-font-smoothing: antialiased; background-position: 3px 50%; background-repeat: no-repeat no-repeat;\">Guardar<\/span><\/p>\n<p><span style=\"border-top-left-radius: 2px; border-top-right-radius: 2px; border-bottom-right-radius: 2px; border-bottom-left-radius: 2px; text-indent: 20px; width: auto; padding: 0px 4px 0px 0px; text-align: center; font-style: normal; font-variant-caps: normal; font-weight: bold; font-stretch: normal; font-size: 11px; line-height: 20px; font-family: 'Helvetica Neue', Helvetica, sans-serif; color: #ffffff; background-image: url(data:image\/svg+xml; base64,phn2zyb4bwxucz0iahr0cdovl3d3dy53my5vcmcvmjawmc9zdmciighlawdodd0imzbwecigd2lkdgg9ijmwchgiihzpzxdcb3g9ii0xic0xidmxidmxij48zz48cgf0acbkpsjnmjkundq5lde0ljy2mibdmjkundq5ldiyljcymiaymi44njgsmjkumju2ide0ljc1ldi5lji1nibdni42mzismjkumju2idaumduxldiyljcymiawlja1mswxnc42njigqzaumduxldyunjaxidyunjmyldaumdy3ide0ljc1ldaumdy3iemymi44njgsmc4wnjcgmjkundq5ldyunjaxidi5ljq0oswxnc42njiiigzpbgw9iinmzmyiihn0cm9rzt0ii2zmziigc3ryb2tllxdpzhropsixij48l3bhdgg+phbhdgggzd0itte0ljczmywxljy4nibdny41mtysms42odygms42njusny40otugms42njusmtqunjyyiemxljy2nswymc4xntkgns4xmdksmjquodu0idkuotcsmjyunzq0iem5ljg1niwyns43mtggos43ntmsmjqumtqzidewljaxniwymy4wmjigqzewlji1mywymi4wmsaxms41ndgsmtyuntcyidexlju0ocwxni41nzigqzexlju0ocwxni41nzigmteumtu3lde1ljc5nsaxms4xntcsmtqunjq2iemxms4xntcsmtiuodqyideyljixmswxms40otugmtmuntiyldexljq5nsbdmtqunjm3ldexljq5nsaxns4xnzusmtiumzi2ide1lje3nswxmy4zmjmgqze1lje3nswxnc40mzygmtqundyylde2ljegmtqumdkzlde3ljy0mybdmtmunzg1lde4ljkznsaxnc43ndusmtkuotg4ide2ljayocwxos45odggqze4ljm1mswxos45odggmjaumtm2lde3lju1niaymc4xmzysmtqumdq2iemymc4xmzysmtauotm5ide3ljg4ocw4ljc2nyaxnc42nzgsoc43njcgqzewljk1osw4ljc2nya4ljc3nywxms41mzygoc43nzcsmtqumzk4iem4ljc3nywxns41mtmgos4ymswxni43mdkgos43ndksmtcumzu5iem5ljg1niwxny40odggos44nzismtcunia5ljg0lde3ljczmsbdos43ndesmtgumtqxidkuntismtkumdizidkundc3lde5ljiwmybdos40miwxos40nca5lji4ocwxos40otegos4wncwxos4znzygqzcunda4lde4ljyymia2ljm4nywxni4yntigni4zodcsmtqumzq5iem2ljm4nywxmc4yntygos4zodmsni40otcgmtuumdiyldyundk3iemxos41ntusni40otcgmjmumdc4ldkunza1idizlja3ocwxmy45otegqzizlja3ocwxoc40njmgmjaumjm5ldiylja2miaxni4yotcsmjiumdyyiemxnc45nzmsmjiumdyyidezljcyocwyms4znzkgmtmumzayldiwlju3mibdmtmumzayldiwlju3miaxmi42ndcsmjmumdugmtiundg4ldizljy1nybdmtiumtkzldi0ljc4ncaxms4zotysmjyumtk2idewljg2mywyny4wntggqzeylja4niwyny40mzqgmtmumzg2ldi3ljyznyaxnc43mzmsmjcunjm3iemyms45nswyny42mzcgmjcuodaxldixljgyocayny44mdesmtqunjyyiemyny44mdesny40otugmjeuotusms42odygmtqunzmzldeunjg2iibmawxspsijymqwodfjij48l3bhdgg+pc9npjwvc3znpg==); background-size: 14px 14px; background-color: #bd081c; position: absolute; opacity: 1; z-index: 8675309; display: none; cursor: pointer; border: none; -webkit-font-smoothing: antialiased; background-position: 3px 50%; background-repeat: no-repeat no-repeat;\">Guardar<\/span><span style=\"border-top-left-radius: 2px; border-top-right-radius: 2px; border-bottom-right-radius: 2px; border-bottom-left-radius: 2px; text-indent: 20px; width: auto; padding: 0px 4px 0px 0px; text-align: center; font-style: normal; font-variant-caps: normal; font-weight: bold; font-stretch: normal; font-size: 11px; line-height: 20px; font-family: 'Helvetica Neue', Helvetica, sans-serif; color: #ffffff; background-image: url(data:image\/svg+xml; base64,phn2zyb4bwxucz0iahr0cdovl3d3dy53my5vcmcvmjawmc9zdmciighlawdodd0imzbwecigd2lkdgg9ijmwchgiihzpzxdcb3g9ii0xic0xidmxidmxij48zz48cgf0acbkpsjnmjkundq5lde0ljy2mibdmjkundq5ldiyljcymiaymi44njgsmjkumju2ide0ljc1ldi5lji1nibdni42mzismjkumju2idaumduxldiyljcymiawlja1mswxnc42njigqzaumduxldyunjaxidyunjmyldaumdy3ide0ljc1ldaumdy3iemymi44njgsmc4wnjcgmjkundq5ldyunjaxidi5ljq0oswxnc42njiiigzpbgw9iinmzmyiihn0cm9rzt0ii2zmziigc3ryb2tllxdpzhropsixij48l3bhdgg+phbhdgggzd0itte0ljczmywxljy4nibdny41mtysms42odygms42njusny40otugms42njusmtqunjyyiemxljy2nswymc4xntkgns4xmdksmjquodu0idkuotcsmjyunzq0iem5ljg1niwyns43mtggos43ntmsmjqumtqzidewljaxniwymy4wmjigqzewlji1mywymi4wmsaxms41ndgsmtyuntcyidexlju0ocwxni41nzigqzexlju0ocwxni41nzigmteumtu3lde1ljc5nsaxms4xntcsmtqunjq2iemxms4xntcsmtiuodqyideyljixmswxms40otugmtmuntiyldexljq5nsbdmtqunjm3ldexljq5nsaxns4xnzusmtiumzi2ide1lje3nswxmy4zmjmgqze1lje3nswxnc40mzygmtqundyylde2ljegmtqumdkzlde3ljy0mybdmtmunzg1lde4ljkznsaxnc43ndusmtkuotg4ide2ljayocwxos45odggqze4ljm1mswxos45odggmjaumtm2lde3lju1niaymc4xmzysmtqumdq2iemymc4xmzysmtauotm5ide3ljg4ocw4ljc2nyaxnc42nzgsoc43njcgqzewljk1osw4ljc2nya4ljc3nywxms41mzygoc43nzcsmtqumzk4iem4ljc3nywxns41mtmgos4ymswxni43mdkgos43ndksmtcumzu5iem5ljg1niwxny40odggos44nzismtcunia5ljg0lde3ljczmsbdos43ndesmtgumtqxidkuntismtkumdizidkundc3lde5ljiwmybdos40miwxos40nca5lji4ocwxos40otegos4wncwxos4znzygqzcunda4lde4ljyymia2ljm4nywxni4yntigni4zodcsmtqumzq5iem2ljm4nywxmc4yntygos4zodmsni40otcgmtuumdiyldyundk3iemxos41ntusni40otcgmjmumdc4ldkunza1idizlja3ocwxmy45otegqzizlja3ocwxoc40njmgmjaumjm5ldiylja2miaxni4yotcsmjiumdyyiemxnc45nzmsmjiumdyyidezljcyocwyms4znzkgmtmumzayldiwlju3mibdmtmumzayldiwlju3miaxmi42ndcsmjmumdugmtiundg4ldizljy1nybdmtiumtkzldi0ljc4ncaxms4zotysmjyumtk2idewljg2mywyny4wntggqzeylja4niwyny40mzqgmtmumzg2ldi3ljyznyaxnc43mzmsmjcunjm3iemyms45nswyny42mzcgmjcuodaxldixljgyocayny44mdesmtqunjyyiemyny44mdesny40otugmjeuotusms42odygmtqunzmzldeunjg2iibmawxspsijymqwodfjij48l3bhdgg+pc9npjwvc3znpg==); background-size: 14px 14px; background-color: #bd081c; position: absolute; opacity: 1; z-index: 8675309; display: none; cursor: pointer; border: none; -webkit-font-smoothing: antialiased; background-position: 3px 50%; background-repeat: no-repeat no-repeat;\">Guardar<\/span><\/p>\n","protected":false},"excerpt":{"rendered":"<p>Individuales y colectivas<\/p>\n","protected":false},"author":1,"featured_media":550,"parent":0,"menu_order":0,"comment_status":"closed","ping_status":"closed","template":"page-full-width.php","meta":{"footnotes":""},"class_list":["post-529","page","type-page","status-publish","has-post-thumbnail","hentry"],"aioseo_notices":[],"_links":{"self":[{"href":"https:\/\/josequintanilla.com\/index.php?rest_route=\/wp\/v2\/pages\/529","targetHints":{"allow":["GET"]}}],"collection":[{"href":"https:\/\/josequintanilla.com\/index.php?rest_route=\/wp\/v2\/pages"}],"about":[{"href":"https:\/\/josequintanilla.com\/index.php?rest_route=\/wp\/v2\/types\/page"}],"author":[{"embeddable":true,"href":"https:\/\/josequintanilla.com\/index.php?rest_route=\/wp\/v2\/users\/1"}],"replies":[{"embeddable":true,"href":"https:\/\/josequintanilla.com\/index.php?rest_route=%2Fwp%2Fv2%2Fcomments&post=529"}],"version-history":[{"count":92,"href":"https:\/\/josequintanilla.com\/index.php?rest_route=\/wp\/v2\/pages\/529\/revisions"}],"predecessor-version":[{"id":1418,"href":"https:\/\/josequintanilla.com\/index.php?rest_route=\/wp\/v2\/pages\/529\/revisions\/1418"}],"wp:featuredmedia":[{"embeddable":true,"href":"https:\/\/josequintanilla.com\/index.php?rest_route=\/wp\/v2\/media\/550"}],"wp:attachment":[{"href":"https:\/\/josequintanilla.com\/index.php?rest_route=%2Fwp%2Fv2%2Fmedia&parent=529"}],"curies":[{"name":"wp","href":"https:\/\/api.w.org\/{rel}","templated":true}]}}